{"id":2851,"date":"2025-10-06T11:28:18","date_gmt":"2025-10-06T11:28:18","guid":{"rendered":"https:\/\/solutions.axians.com\/sap\/?page_id=2851"},"modified":"2025-10-07T08:54:25","modified_gmt":"2025-10-07T08:54:25","slug":"events","status":"publish","type":"page","link":"https:\/\/solutions.axians.com\/sap\/at\/einblicke\/events\/","title":{"rendered":"Events"},"content":{"rendered":"\n<section class=\"wp-block-group stage-subpage is-layout-constrained wp-block-group-is-layout-constrained\">\n<figure class=\"wp-block-image size-full\"><img loading=\"lazy\" decoding=\"async\" width=\"1322\" height=\"793\" src=\"https:\/\/solutions.axians.com\/sap\/wp-content\/uploads\/2025\/08\/iStock-1385480609.jpg\" alt=\"\" class=\"wp-image-2852\" style=\"aspect-ratio:21\/9;object-fit:cover\" srcset=\"https:\/\/solutions.axians.com\/sap\/wp-content\/uploads\/2025\/08\/iStock-1385480609.jpg 1322w, https:\/\/solutions.axians.com\/sap\/wp-content\/uploads\/2025\/08\/iStock-1385480609-800x480.jpg 800w, https:\/\/solutions.axians.com\/sap\/wp-content\/uploads\/2025\/08\/iStock-1385480609-768x461.jpg 768w\" sizes=\"auto, (max-width: 1322px) 100vw, 1322px\" \/><\/figure>\n\n\n\n<div class=\"wp-block-group container is-layout-flow wp-block-group-is-layout-flow\">\n<div class=\"wp-block-columns row is-layout-flex wp-block-columns-is-layout-flex\">\n<div class=\"wp-block-column col-12 is-layout-flow wp-block-column-is-layout-flow\">\n<h1 class=\"wp-block-heading headline\">SAP Events mit Axians \u2013 Wissen, das bewegt.&nbsp;<\/h1>\n\n\n\n<p>Erleben Sie SAP-Innovation live: Inspiration, Austausch und echte Praxisimpulse f\u00fcr Ihre Business Transformation.&nbsp;<\/p>\n<\/div>\n<\/div>\n<\/div>\n<\/section>\n\n\n\n<section class=\"wp-block-group breadcrumb is-layout-constrained wp-block-group-is-layout-constrained\">\n<div class=\"wp-block-group container is-layout-flow wp-block-group-is-layout-flow\">\n<div class=\"wp-block-columns row is-layout-flex wp-block-columns-is-layout-flex\">\n<div class=\"wp-block-column col-12 is-layout-flow wp-block-column-is-layout-flow\"><nav aria-label=\"breadcrumbs\" class=\"rank-math-breadcrumb\"><p><span class=\"last\">Home<\/span><\/p><\/nav>\n<\/div>\n<\/div>\n<\/div>\n<\/section>\n\n\n\n<section class=\"wp-block-group text-centered-gradient is-layout-constrained wp-block-group-is-layout-constrained\">\n<div class=\"wp-block-group container is-layout-flow wp-block-group-is-layout-flow\">\n<div class=\"wp-block-columns row is-layout-flex wp-block-columns-is-layout-flex\">\n<div class=\"wp-block-column col-12 is-layout-flow wp-block-column-is-layout-flow\">\n<h2 class=\"wp-block-heading headline\"><\/h2>\n\n\n\n<p>Ob Branchenevents, Fachkongresse oder digitale Formate \u2013 hier finden Sie alle aktuellen Veranstaltungen rund um SAP mit Axians auf einen Blick. Entdecken Sie, wo wir \u00fcber Zukunftsthemen wie SAP S\/4HANA, Business AI, Cloud-Strategien und Prozessoptimierung sprechen \u2013 praxisnah, pers\u00f6nlich und immer mit Fokus auf Ihren Mehrwert.&nbsp;<\/p>\n<\/div>\n<\/div>\n<\/div>\n<\/section>\n\n\n\n<section class=\"wp-block-group events-listing is-layout-constrained wp-block-group-is-layout-constrained\">\n<div class=\"wp-block-group container is-layout-flow wp-block-group-is-layout-flow\">\n<div class=\"wp-block-columns row is-layout-flex wp-block-columns-is-layout-flex\">\n<div class=\"wp-block-column col-12 is-layout-flow wp-block-column-is-layout-flow\">\n<h2 class=\"wp-block-heading headline\">Anstehende Events<\/h2>\n<\/div>\n<\/div>\n<\/div>\n\n\n\n<div class=\"wp-block-group container is-layout-flow wp-block-group-is-layout-flow\">\n<div class=\"wp-block-columns row is-layout-flex wp-block-columns-is-layout-flex\">\n<div class=\"wp-block-column col-12 is-layout-flow wp-block-column-is-layout-flow\">\n<div data-wp-router-region=\"query-3\" class=\"wp-block-query is-layout-flow wp-block-query-is-layout-flow\" data-paged=\"1\" data-attrs=\"{&quot;blockName&quot;:&quot;core\\\/query&quot;,&quot;attrs&quot;:{&quot;queryId&quot;:3,&quot;query&quot;:{&quot;perPage&quot;:999,&quot;pages&quot;:0,&quot;offset&quot;:0,&quot;postType&quot;:&quot;event&quot;,&quot;order&quot;:&quot;desc&quot;,&quot;orderBy&quot;:&quot;date&quot;,&quot;author&quot;:&quot;&quot;,&quot;search&quot;:&quot;&quot;,&quot;exclude&quot;:[],&quot;sticky&quot;:&quot;&quot;,&quot;inherit&quot;:false,&quot;parents&quot;:[],&quot;format&quot;:[]}},&quot;innerBlocks&quot;:[{&quot;blockName&quot;:&quot;core\\\/post-template&quot;,&quot;attrs&quot;:[],&quot;innerBlocks&quot;:[{&quot;blockName&quot;:&quot;core\\\/post-featured-image&quot;,&quot;attrs&quot;:[],&quot;innerBlocks&quot;:[],&quot;innerHTML&quot;:&quot;&quot;,&quot;innerContent&quot;:[]},{&quot;blockName&quot;:&quot;core\\\/post-terms&quot;,&quot;attrs&quot;:{&quot;term&quot;:&quot;category&quot;},&quot;innerBlocks&quot;:[],&quot;innerHTML&quot;:&quot;&quot;,&quot;innerContent&quot;:[]},{&quot;blockName&quot;:&quot;core\\\/group&quot;,&quot;attrs&quot;:[],&quot;innerBlocks&quot;:[{&quot;blockName&quot;:&quot;core\\\/paragraph&quot;,&quot;attrs&quot;:{&quot;metadata&quot;:{&quot;bindings&quot;:{&quot;content&quot;:{&quot;source&quot;:&quot;core\\\/post-meta&quot;,&quot;args&quot;:{&quot;key&quot;:&quot;zeitraum&quot;}}}}},&quot;innerBlocks&quot;:[],&quot;innerHTML&quot;:&quot;\\n&lt;p&gt;XX.XX.XXXX - XX.XX.XXXX&lt;\\\/p&gt;\\n&quot;,&quot;innerContent&quot;:[&quot;\\n&lt;p&gt;XX.XX.XXXX - XX.XX.XXXX&lt;\\\/p&gt;\\n&quot;]},{&quot;blockName&quot;:&quot;core\\\/paragraph&quot;,&quot;attrs&quot;:{&quot;className&quot;:&quot;separator&quot;},&quot;innerBlocks&quot;:[],&quot;innerHTML&quot;:&quot;\\n&lt;p class=\\&quot;separator\\&quot;&gt;|&lt;\\\/p&gt;\\n&quot;,&quot;innerContent&quot;:[&quot;\\n&lt;p class=\\&quot;separator\\&quot;&gt;|&lt;\\\/p&gt;\\n&quot;]},{&quot;blockName&quot;:&quot;core\\\/paragraph&quot;,&quot;attrs&quot;:{&quot;metadata&quot;:{&quot;bindings&quot;:{&quot;content&quot;:{&quot;source&quot;:&quot;core\\\/post-meta&quot;,&quot;args&quot;:{&quot;key&quot;:&quot;ort&quot;}}}}},&quot;innerBlocks&quot;:[],&quot;innerHTML&quot;:&quot;\\n&lt;p&gt;Ort&lt;\\\/p&gt;\\n&quot;,&quot;innerContent&quot;:[&quot;\\n&lt;p&gt;Ort&lt;\\\/p&gt;\\n&quot;]}],&quot;innerHTML&quot;:&quot;\\n&lt;div class=\\&quot;wp-block-group\\&quot;&gt;\\n\\n\\n\\n&lt;\\\/div&gt;\\n&quot;,&quot;innerContent&quot;:[&quot;\\n&lt;div class=\\&quot;wp-block-group\\&quot;&gt;&quot;,null,&quot;\\n\\n&quot;,null,&quot;\\n\\n&quot;,null,&quot;&lt;\\\/div&gt;\\n&quot;]},{&quot;blockName&quot;:&quot;core\\\/post-title&quot;,&quot;attrs&quot;:[],&quot;innerBlocks&quot;:[],&quot;innerHTML&quot;:&quot;&quot;,&quot;innerContent&quot;:[]},{&quot;blockName&quot;:&quot;core\\\/post-excerpt&quot;,&quot;attrs&quot;:{&quot;excerptLength&quot;:20},&quot;innerBlocks&quot;:[],&quot;innerHTML&quot;:&quot;&quot;,&quot;innerContent&quot;:[]},{&quot;blockName&quot;:&quot;core\\\/read-more&quot;,&quot;attrs&quot;:{&quot;content&quot;:&quot;Weiterlesen&quot;},&quot;innerBlocks&quot;:[],&quot;innerHTML&quot;:&quot;&quot;,&quot;innerContent&quot;:[]}],&quot;innerHTML&quot;:&quot;\\n\\n\\n\\n\\n\\n\\n\\n\\n\\n\\n\\n&quot;,&quot;innerContent&quot;:[&quot;\\n&quot;,null,&quot;\\n\\n&quot;,null,&quot;\\n\\n&quot;,null,&quot;\\n\\n&quot;,null,&quot;\\n\\n&quot;,null,&quot;\\n\\n&quot;,null,&quot;\\n&quot;]}],&quot;innerHTML&quot;:&quot;\\n&lt;div class=\\&quot;wp-block-query\\&quot;&gt;&lt;\\\/div&gt;\\n&quot;,&quot;innerContent&quot;:[&quot;\\n&lt;div class=\\&quot;wp-block-query\\&quot;&gt;&quot;,null,&quot;&lt;\\\/div&gt;\\n&quot;]}\"><ul class=\"wp-block-post-template is-layout-flow wp-block-post-template-is-layout-flow\"><li class=\"wp-block-post post-8025 event type-event status-publish has-post-thumbnail hentry category-sap-veranstaltung category-vor-ort\">\n<figure class=\"wp-block-post-featured-image\"><img loading=\"lazy\" decoding=\"async\" width=\"1536\" height=\"1024\" src=\"https:\/\/solutions.axians.com\/sap\/wp-content\/uploads\/2026\/04\/ChatGPT-Image-2.-Apr.-2026-14_09_36.png\" class=\"attachment-post-thumbnail size-post-thumbnail wp-post-image\" alt=\"\" style=\"object-fit:cover;\" srcset=\"https:\/\/solutions.axians.com\/sap\/wp-content\/uploads\/2026\/04\/ChatGPT-Image-2.-Apr.-2026-14_09_36.png 1536w, https:\/\/solutions.axians.com\/sap\/wp-content\/uploads\/2026\/04\/ChatGPT-Image-2.-Apr.-2026-14_09_36-800x533.png 800w, https:\/\/solutions.axians.com\/sap\/wp-content\/uploads\/2026\/04\/ChatGPT-Image-2.-Apr.-2026-14_09_36-768x512.png 768w\" sizes=\"auto, (max-width: 1536px) 100vw, 1536px\" \/><\/figure>\n\n<div class=\"taxonomy-category wp-block-post-terms\"><div class=\"wp-block-post-terms__term\">SAP-Veranstaltung<\/div><span class=\"wp-block-post-terms__separator no-links\">, <\/span><div class=\"wp-block-post-terms__term\">Vor Ort<\/div><\/div>\n\n\n<div class=\"wp-block-group is-layout-flow wp-block-group-is-layout-flow\"><p>19.05.2026 \u2013 21.05.2026<\/p>\n\n\n<p class=\"separator\">|<\/p>\n\n\n<p>IFEMA Madrid<\/p><\/div>\n\n\n<h2 class=\"wp-block-post-title\">Axians auf der SAP Sapphire Madrid 2026 | Treffen Sie uns live auf der IFEMA Madrid<\/h2>\n\n<div class=\"wp-block-post-excerpt\"><p class=\"wp-block-post-excerpt__excerpt\">Axians auf der SAP SAPPHIRE Madrid 2026 Von der SAP-Strategie zur echten Transformation. 19.05.2026 \u2013 21.05.2026 | IFEMA Madrid Treffen&hellip; <\/p><\/div>\n\n<a class=\"wp-block-read-more\" href=\"https:\/\/solutions.axians.com\/sap\/de\/Veranstaltungen\/axians-auf-der-sap-sapphire-madrid-2026\/\" target=\"_self\">Weiterlesen<span class=\"screen-reader-text\">: Axians auf der SAP Sapphire Madrid 2026 | Treffen Sie uns live auf der IFEMA Madrid<\/span><\/a>\n<\/li><li class=\"wp-block-post post-8019 event type-event status-publish has-post-thumbnail hentry category-sap-event-4 category-vor-ort\">\n<figure class=\"wp-block-post-featured-image\"><img loading=\"lazy\" decoding=\"async\" width=\"1536\" height=\"1024\" src=\"https:\/\/solutions.axians.com\/sap\/wp-content\/uploads\/2026\/04\/ChatGPT-Image-2.-Apr.-2026-14_09_36.png\" class=\"attachment-post-thumbnail size-post-thumbnail wp-post-image\" alt=\"\" style=\"object-fit:cover;\" srcset=\"https:\/\/solutions.axians.com\/sap\/wp-content\/uploads\/2026\/04\/ChatGPT-Image-2.-Apr.-2026-14_09_36.png 1536w, https:\/\/solutions.axians.com\/sap\/wp-content\/uploads\/2026\/04\/ChatGPT-Image-2.-Apr.-2026-14_09_36-800x533.png 800w, https:\/\/solutions.axians.com\/sap\/wp-content\/uploads\/2026\/04\/ChatGPT-Image-2.-Apr.-2026-14_09_36-768x512.png 768w\" sizes=\"auto, (max-width: 1536px) 100vw, 1536px\" \/><\/figure>\n\n<div class=\"taxonomy-category wp-block-post-terms\"><div class=\"wp-block-post-terms__term\">SAP Event<\/div><span class=\"wp-block-post-terms__separator no-links\">, <\/span><div class=\"wp-block-post-terms__term\">Vor Ort<\/div><\/div>\n\n\n<div class=\"wp-block-group is-layout-flow wp-block-group-is-layout-flow\"><p>19.05.2026 \u2013 21.05.2026<\/p>\n\n\n<p class=\"separator\">|<\/p>\n\n\n<p>IFEMA Madrid<\/p><\/div>\n\n\n<h2 class=\"wp-block-post-title\">Axians auf der SAP Sapphire Madrid 2026 | Treffen Sie uns live auf der IFEMA Madrid<\/h2>\n\n<div class=\"wp-block-post-excerpt\"><p class=\"wp-block-post-excerpt__excerpt\">Axians auf der SAP SAPPHIRE Madrid 2026 Von der SAP-Strategie zur echten Transformation. 19.05.2026 \u2013 21.05.2026 | IFEMA Madrid Treffen&hellip; <\/p><\/div>\n\n<a class=\"wp-block-read-more\" href=\"https:\/\/solutions.axians.com\/sap\/at\/Veranstaltungen\/axians-auf-der-sap-sapphire-madrid-2026\/\" target=\"_self\">Weiterlesen<span class=\"screen-reader-text\">: Axians auf der SAP Sapphire Madrid 2026 | Treffen Sie uns live auf der IFEMA Madrid<\/span><\/a>\n<\/li><li class=\"wp-block-post post-7638 event type-event status-publish has-post-thumbnail hentry category-on-site category-sap-event\">\n<figure class=\"wp-block-post-featured-image\"><img loading=\"lazy\" decoding=\"async\" width=\"1536\" height=\"1024\" src=\"https:\/\/solutions.axians.com\/sap\/wp-content\/uploads\/2026\/04\/ChatGPT-Image-2.-Apr.-2026-14_09_36.png\" class=\"attachment-post-thumbnail size-post-thumbnail wp-post-image\" alt=\"\" style=\"object-fit:cover;\" srcset=\"https:\/\/solutions.axians.com\/sap\/wp-content\/uploads\/2026\/04\/ChatGPT-Image-2.-Apr.-2026-14_09_36.png 1536w, https:\/\/solutions.axians.com\/sap\/wp-content\/uploads\/2026\/04\/ChatGPT-Image-2.-Apr.-2026-14_09_36-800x533.png 800w, https:\/\/solutions.axians.com\/sap\/wp-content\/uploads\/2026\/04\/ChatGPT-Image-2.-Apr.-2026-14_09_36-768x512.png 768w\" sizes=\"auto, (max-width: 1536px) 100vw, 1536px\" \/><\/figure>\n\n<div class=\"taxonomy-category wp-block-post-terms\"><div class=\"wp-block-post-terms__term\">On site<\/div><span class=\"wp-block-post-terms__separator no-links\">, <\/span><div class=\"wp-block-post-terms__term\">SAP Event<\/div><\/div>\n\n\n<div class=\"wp-block-group is-layout-flow wp-block-group-is-layout-flow\"><p>19.05.2026 \u2013 21.05.2026<\/p>\n\n\n<p class=\"separator\">|<\/p>\n\n\n<p>IFEMA Madrid<\/p><\/div>\n\n\n<h2 class=\"wp-block-post-title\">Axians at SAP Sapphire Madrid 2026 | Meet Us Live at IFEMA Madrid<\/h2>\n\n<div class=\"wp-block-post-excerpt\"><p class=\"wp-block-post-excerpt__excerpt\">Axians at SAP SAPPHIRE Madrid 2026 From SAP strategy to real transformation. 19.05.2026 \u2013 21.05.2026 | IFEMA Madrid Meet Axians&hellip; <\/p><\/div>\n\n<a class=\"wp-block-read-more\" href=\"https:\/\/solutions.axians.com\/sap\/events\/axians-at-sap-sapphire-madrid\/\" target=\"_self\">Weiterlesen<span class=\"screen-reader-text\">: Axians at SAP Sapphire Madrid 2026 | Meet Us Live at IFEMA Madrid<\/span><\/a>\n<\/li><li class=\"wp-block-post post-6382 event type-event status-publish has-post-thumbnail hentry category-on-site category-trade-fairs-conferences\">\n<figure class=\"wp-block-post-featured-image\"><img loading=\"lazy\" decoding=\"async\" width=\"1536\" height=\"1024\" src=\"https:\/\/solutions.axians.com\/sap\/wp-content\/uploads\/2026\/03\/ChatGPT-Image-12.-Marz-2026-10_37_12.png\" class=\"attachment-post-thumbnail size-post-thumbnail wp-post-image\" alt=\"\" style=\"object-fit:cover;\" srcset=\"https:\/\/solutions.axians.com\/sap\/wp-content\/uploads\/2026\/03\/ChatGPT-Image-12.-Marz-2026-10_37_12.png 1536w, https:\/\/solutions.axians.com\/sap\/wp-content\/uploads\/2026\/03\/ChatGPT-Image-12.-Marz-2026-10_37_12-800x533.png 800w, https:\/\/solutions.axians.com\/sap\/wp-content\/uploads\/2026\/03\/ChatGPT-Image-12.-Marz-2026-10_37_12-768x512.png 768w\" sizes=\"auto, (max-width: 1536px) 100vw, 1536px\" \/><\/figure>\n\n<div class=\"taxonomy-category wp-block-post-terms\"><div class=\"wp-block-post-terms__term\">On site<\/div><span class=\"wp-block-post-terms__separator no-links\">, <\/span><div class=\"wp-block-post-terms__term\">Trade fairs &amp; conferences<\/div><\/div>\n\n\n<div class=\"wp-block-group is-layout-flow wp-block-group-is-layout-flow\"><p>20.04.2026 \u2013 24.04.2026<\/p>\n\n\n<p class=\"separator\">|<\/p>\n\n\n<p>Hannover Messe<\/p><\/div>\n\n\n<h2 class=\"wp-block-post-title\">Axians and Actemium at the Hannover Messe 2026<\/h2>\n\n<div class=\"wp-block-post-excerpt\"><p class=\"wp-block-post-excerpt__excerpt\">Axians &amp; Actemium at Hannover Messe 2026 &#8211; OT-IT, security &amp; industrial digitization Experience modern industry &#8211; secure, networked and&hellip; <\/p><\/div>\n\n<a class=\"wp-block-read-more\" href=\"https:\/\/solutions.axians.com\/sap\/events\/axians-and-actemium-at-the-hannover-messe-2026\/\" target=\"_self\">Weiterlesen<span class=\"screen-reader-text\">: Axians and Actemium at the Hannover Messe 2026<\/span><\/a>\n<\/li><li class=\"wp-block-post post-6365 event type-event status-publish has-post-thumbnail hentry category-business-transformation category-messen-kongresse category-vor-ort\">\n<figure class=\"wp-block-post-featured-image\"><img loading=\"lazy\" decoding=\"async\" width=\"1536\" height=\"1024\" src=\"https:\/\/solutions.axians.com\/sap\/wp-content\/uploads\/2026\/03\/ChatGPT-Image-12.-Marz-2026-10_37_12.png\" class=\"attachment-post-thumbnail size-post-thumbnail wp-post-image\" alt=\"\" style=\"object-fit:cover;\" srcset=\"https:\/\/solutions.axians.com\/sap\/wp-content\/uploads\/2026\/03\/ChatGPT-Image-12.-Marz-2026-10_37_12.png 1536w, https:\/\/solutions.axians.com\/sap\/wp-content\/uploads\/2026\/03\/ChatGPT-Image-12.-Marz-2026-10_37_12-800x533.png 800w, https:\/\/solutions.axians.com\/sap\/wp-content\/uploads\/2026\/03\/ChatGPT-Image-12.-Marz-2026-10_37_12-768x512.png 768w\" sizes=\"auto, (max-width: 1536px) 100vw, 1536px\" \/><\/figure>\n\n<div class=\"taxonomy-category wp-block-post-terms\"><div class=\"wp-block-post-terms__term\">Business Transformation<\/div><span class=\"wp-block-post-terms__separator no-links\">, <\/span><div class=\"wp-block-post-terms__term\">Messen &amp; Kongresse<\/div><div class=\"wp-block-post-terms__term\">Vor Ort<\/div><\/div>\n\n\n<div class=\"wp-block-group is-layout-flow wp-block-group-is-layout-flow\"><p>20.04.2026 \u2013 24.04.2026<\/p>\n\n\n<p class=\"separator\">|<\/p>\n\n\n<p>Hannover Messe<\/p><\/div>\n\n\n<h2 class=\"wp-block-post-title\">Axians und Actemium auf der Hannover Messe 2026<\/h2>\n\n<div class=\"wp-block-post-excerpt\"><p class=\"wp-block-post-excerpt__excerpt\">Axians &amp; Actemium auf der Hannover Messe 2026 &#8211; OT\u2011IT, Security &amp; Industrie\u2011Digitalisierung Erleben Sie moderne Industrie \u2013 sicher, vernetzt&hellip; <\/p><\/div>\n\n<a class=\"wp-block-read-more\" href=\"https:\/\/solutions.axians.com\/sap\/de\/Veranstaltungen\/axians-und-actemium-auf-der-hannover-messe-2026\/\" target=\"_self\">Weiterlesen<span class=\"screen-reader-text\">: Axians und Actemium auf der Hannover Messe 2026<\/span><\/a>\n<\/li><li class=\"wp-block-post post-6321 event type-event status-publish has-post-thumbnail hentry category-business-transformation category-messen-kongresse category-vor-ort\">\n<figure class=\"wp-block-post-featured-image\"><img loading=\"lazy\" decoding=\"async\" width=\"1536\" height=\"1024\" src=\"https:\/\/solutions.axians.com\/sap\/wp-content\/uploads\/2026\/03\/ChatGPT-Image-12.-Marz-2026-10_37_12.png\" class=\"attachment-post-thumbnail size-post-thumbnail wp-post-image\" alt=\"\" style=\"object-fit:cover;\" srcset=\"https:\/\/solutions.axians.com\/sap\/wp-content\/uploads\/2026\/03\/ChatGPT-Image-12.-Marz-2026-10_37_12.png 1536w, https:\/\/solutions.axians.com\/sap\/wp-content\/uploads\/2026\/03\/ChatGPT-Image-12.-Marz-2026-10_37_12-800x533.png 800w, https:\/\/solutions.axians.com\/sap\/wp-content\/uploads\/2026\/03\/ChatGPT-Image-12.-Marz-2026-10_37_12-768x512.png 768w\" sizes=\"auto, (max-width: 1536px) 100vw, 1536px\" \/><\/figure>\n\n<div class=\"taxonomy-category wp-block-post-terms\"><div class=\"wp-block-post-terms__term\">Business Transformation<\/div><span class=\"wp-block-post-terms__separator no-links\">, <\/span><div class=\"wp-block-post-terms__term\">Messen &amp; Kongresse<\/div><div class=\"wp-block-post-terms__term\">Vor Ort<\/div><\/div>\n\n\n<div class=\"wp-block-group is-layout-flow wp-block-group-is-layout-flow\"><p>20.04.2026 \u2013 24.04.2026<\/p>\n\n\n<p class=\"separator\">|<\/p>\n\n\n<p>Hannover Messe<\/p><\/div>\n\n\n<h2 class=\"wp-block-post-title\">Axians und Actemium auf der Hannover Messe 2026<\/h2>\n\n<div class=\"wp-block-post-excerpt\"><p class=\"wp-block-post-excerpt__excerpt\">Axians &amp; Actemium auf der Hannover Messe 2026 &#8211; OT\u2011IT, Security &amp; Industrie\u2011Digitalisierung Erleben Sie moderne Industrie \u2013 sicher, vernetzt&hellip; <\/p><\/div>\n\n<a class=\"wp-block-read-more\" href=\"https:\/\/solutions.axians.com\/sap\/at\/Veranstaltungen\/axians-und-actemium-auf-der-hannover-messe-2026\/\" target=\"_self\">Weiterlesen<span class=\"screen-reader-text\">: Axians und Actemium auf der Hannover Messe 2026<\/span><\/a>\n<\/li><li class=\"wp-block-post post-6045 event type-event status-publish has-post-thumbnail hentry category-on-site category-trade-fairs-conferences\">\n<figure class=\"wp-block-post-featured-image\"><img loading=\"lazy\" decoding=\"async\" width=\"1536\" height=\"1024\" src=\"https:\/\/solutions.axians.com\/sap\/wp-content\/uploads\/2026\/02\/Designer-2.png\" class=\"attachment-post-thumbnail size-post-thumbnail wp-post-image\" alt=\"\" style=\"object-fit:cover;\" srcset=\"https:\/\/solutions.axians.com\/sap\/wp-content\/uploads\/2026\/02\/Designer-2.png 1536w, https:\/\/solutions.axians.com\/sap\/wp-content\/uploads\/2026\/02\/Designer-2-800x533.png 800w, https:\/\/solutions.axians.com\/sap\/wp-content\/uploads\/2026\/02\/Designer-2-768x512.png 768w\" sizes=\"auto, (max-width: 1536px) 100vw, 1536px\" \/><\/figure>\n\n<div class=\"taxonomy-category wp-block-post-terms\"><div class=\"wp-block-post-terms__term\">On site<\/div><span class=\"wp-block-post-terms__separator no-links\">, <\/span><div class=\"wp-block-post-terms__term\">Trade fairs &amp; conferences<\/div><\/div>\n\n\n<div class=\"wp-block-group is-layout-flow wp-block-group-is-layout-flow\"><p>14.04.2026 \u2013 15.04.2026<\/p>\n\n\n<p class=\"separator\">|<\/p>\n\n\n<p>Hotel Palace Berlin<\/p><\/div>\n\n\n<h2 class=\"wp-block-post-title\">IT Management Strategy Summit<\/h2>\n\n<div class=\"wp-block-post-excerpt\"><p class=\"wp-block-post-excerpt__excerpt\">Strategy Summit IT Management &#8211; Exchange at decision-maker level The meeting place for CIOs and IT managers on decision-relevant future&hellip; <\/p><\/div>\n\n<a class=\"wp-block-read-more\" href=\"https:\/\/solutions.axians.com\/sap\/events\/it-management-strategy-summit\/\" target=\"_self\">Weiterlesen<span class=\"screen-reader-text\">: IT Management Strategy Summit<\/span><\/a>\n<\/li><li class=\"wp-block-post post-5961 event type-event status-publish has-post-thumbnail hentry category-messen-kongresse category-vor-ort\">\n<figure class=\"wp-block-post-featured-image\"><img loading=\"lazy\" decoding=\"async\" width=\"1536\" height=\"1024\" src=\"https:\/\/solutions.axians.com\/sap\/wp-content\/uploads\/2026\/02\/Designer-2.png\" class=\"attachment-post-thumbnail size-post-thumbnail wp-post-image\" alt=\"Speaker on stage with audience watching\" style=\"object-fit:cover;\" srcset=\"https:\/\/solutions.axians.com\/sap\/wp-content\/uploads\/2026\/02\/Designer-2.png 1536w, https:\/\/solutions.axians.com\/sap\/wp-content\/uploads\/2026\/02\/Designer-2-800x533.png 800w, https:\/\/solutions.axians.com\/sap\/wp-content\/uploads\/2026\/02\/Designer-2-768x512.png 768w\" sizes=\"auto, (max-width: 1536px) 100vw, 1536px\" \/><\/figure>\n\n<div class=\"taxonomy-category wp-block-post-terms\"><div class=\"wp-block-post-terms__term\">Messen &amp; Kongresse<\/div><span class=\"wp-block-post-terms__separator no-links\">, <\/span><div class=\"wp-block-post-terms__term\">Vor Ort<\/div><\/div>\n\n\n<div class=\"wp-block-group is-layout-flow wp-block-group-is-layout-flow\"><p>14.04.2026 \u2013 15.04.2026<\/p>\n\n\n<p class=\"separator\">|<\/p>\n\n\n<p>Hotel Palace Berlin<\/p><\/div>\n\n\n<h2 class=\"wp-block-post-title\">Strategiegipfel IT Management<\/h2>\n\n<div class=\"wp-block-post-excerpt\"><p class=\"wp-block-post-excerpt__excerpt\">Strategiegipfel IT Management \u2013 Austausch auf Entscheider-Ebene Der Treffpunkt f\u00fcr CIOs und IT\u2011Leitungen zu entscheidungsrelevanten Zukunftsthemen! 14.04.2026 \u2013 15.04.2026 |&hellip; <\/p><\/div>\n\n<a class=\"wp-block-read-more\" href=\"https:\/\/solutions.axians.com\/sap\/de\/Veranstaltungen\/strategiegipfel-it-management\/\" target=\"_self\">Weiterlesen<span class=\"screen-reader-text\">: Strategiegipfel IT Management<\/span><\/a>\n<\/li><li class=\"wp-block-post post-6031 event type-event status-publish has-post-thumbnail hentry category-messen-kongresse category-vor-ort\">\n<figure class=\"wp-block-post-featured-image\"><img loading=\"lazy\" decoding=\"async\" width=\"1536\" height=\"1024\" src=\"https:\/\/solutions.axians.com\/sap\/wp-content\/uploads\/2026\/02\/Designer-2.png\" class=\"attachment-post-thumbnail size-post-thumbnail wp-post-image\" alt=\"\" style=\"object-fit:cover;\" srcset=\"https:\/\/solutions.axians.com\/sap\/wp-content\/uploads\/2026\/02\/Designer-2.png 1536w, https:\/\/solutions.axians.com\/sap\/wp-content\/uploads\/2026\/02\/Designer-2-800x533.png 800w, https:\/\/solutions.axians.com\/sap\/wp-content\/uploads\/2026\/02\/Designer-2-768x512.png 768w\" sizes=\"auto, (max-width: 1536px) 100vw, 1536px\" \/><\/figure>\n\n<div class=\"taxonomy-category wp-block-post-terms\"><div class=\"wp-block-post-terms__term\">Messen &amp; Kongresse<\/div><span class=\"wp-block-post-terms__separator no-links\">, <\/span><div class=\"wp-block-post-terms__term\">Vor Ort<\/div><\/div>\n\n\n<div class=\"wp-block-group is-layout-flow wp-block-group-is-layout-flow\"><p>14.04.2026 \u2013 15.04.2026<\/p>\n\n\n<p class=\"separator\">|<\/p>\n\n\n<p>Hotel Palace Berlin<\/p><\/div>\n\n\n<h2 class=\"wp-block-post-title\">Strategiegipfel IT Management<\/h2>\n\n<div class=\"wp-block-post-excerpt\"><p class=\"wp-block-post-excerpt__excerpt\">Strategiegipfel IT Management \u2013 Austausch auf Entscheider-Ebene Der Treffpunkt f\u00fcr CIOs und IT\u2011Leitungen zu entscheidungsrelevanten Zukunftsthemen! 14.04.2026 \u2013 15.04.2026 |&hellip; <\/p><\/div>\n\n<a class=\"wp-block-read-more\" href=\"https:\/\/solutions.axians.com\/sap\/at\/Veranstaltungen\/strategiegipfel-it-management\/\" target=\"_self\">Weiterlesen<span class=\"screen-reader-text\">: Strategiegipfel IT Management<\/span><\/a>\n<\/li><li class=\"wp-block-post post-5780 event type-event status-publish has-post-thumbnail hentry category-sap-veranstaltung category-vor-ort\">\n<figure class=\"wp-block-post-featured-image\"><img loading=\"lazy\" decoding=\"async\" width=\"1236\" height=\"848\" src=\"https:\/\/solutions.axians.com\/sap\/wp-content\/uploads\/2025\/08\/iStock-1357255073.jpg\" class=\"attachment-post-thumbnail size-post-thumbnail wp-post-image\" alt=\"\" style=\"object-fit:cover;\" srcset=\"https:\/\/solutions.axians.com\/sap\/wp-content\/uploads\/2025\/08\/iStock-1357255073.jpg 1236w, https:\/\/solutions.axians.com\/sap\/wp-content\/uploads\/2025\/08\/iStock-1357255073-800x549.jpg 800w, https:\/\/solutions.axians.com\/sap\/wp-content\/uploads\/2025\/08\/iStock-1357255073-768x527.jpg 768w\" sizes=\"auto, (max-width: 1236px) 100vw, 1236px\" \/><\/figure>\n\n<div class=\"taxonomy-category wp-block-post-terms\"><div class=\"wp-block-post-terms__term\">SAP-Veranstaltung<\/div><span class=\"wp-block-post-terms__separator no-links\">, <\/span><div class=\"wp-block-post-terms__term\">Vor Ort<\/div><\/div>\n\n\n<div class=\"wp-block-group is-layout-flow wp-block-group-is-layout-flow\"><p>25.03.2026 \u2013 26.03.2026<\/p>\n\n\n<p class=\"separator\">|<\/p>\n\n\n<p>Warschau<\/p><\/div>\n\n\n<h2 class=\"wp-block-post-title\">Axians auf dem SAP CEE Partner Kick-off 2026<\/h2>\n\n<div class=\"wp-block-post-excerpt\"><p class=\"wp-block-post-excerpt__excerpt\">SAP CEE Partner-Kick-off 2026 Gemeinsam die Zukunft gestalten &#8211; Axians vernetzt sich mit der SAP-Community beim CEE Partner Kick-off. 25.03.2026&hellip; <\/p><\/div>\n\n<a class=\"wp-block-read-more\" href=\"https:\/\/solutions.axians.com\/sap\/at\/Veranstaltungen\/sap-cee-partner-kick-off-2026\/\" target=\"_self\">Weiterlesen<span class=\"screen-reader-text\">: Axians auf dem SAP CEE Partner Kick-off 2026<\/span><\/a>\n<\/li><li class=\"wp-block-post post-5766 event type-event status-publish has-post-thumbnail hentry category-on-site category-sap-event-3\">\n<figure class=\"wp-block-post-featured-image\"><img loading=\"lazy\" decoding=\"async\" width=\"1236\" height=\"848\" src=\"https:\/\/solutions.axians.com\/sap\/wp-content\/uploads\/2025\/08\/iStock-1357255073.jpg\" class=\"attachment-post-thumbnail size-post-thumbnail wp-post-image\" alt=\"\" style=\"object-fit:cover;\" srcset=\"https:\/\/solutions.axians.com\/sap\/wp-content\/uploads\/2025\/08\/iStock-1357255073.jpg 1236w, https:\/\/solutions.axians.com\/sap\/wp-content\/uploads\/2025\/08\/iStock-1357255073-800x549.jpg 800w, https:\/\/solutions.axians.com\/sap\/wp-content\/uploads\/2025\/08\/iStock-1357255073-768x527.jpg 768w\" sizes=\"auto, (max-width: 1236px) 100vw, 1236px\" \/><\/figure>\n\n<div class=\"taxonomy-category wp-block-post-terms\"><div class=\"wp-block-post-terms__term\">On site<\/div><span class=\"wp-block-post-terms__separator no-links\">, <\/span><div class=\"wp-block-post-terms__term\">SAP Event<\/div><\/div>\n\n\n<div class=\"wp-block-group is-layout-flow wp-block-group-is-layout-flow\"><p>25.03.2026 \u2013 26.03.2026<\/p>\n\n\n<p class=\"separator\">|<\/p>\n\n\n<p>Warsaw<\/p><\/div>\n\n\n<h2 class=\"wp-block-post-title\">Axians at the SAP CEE Partner Kick-off 2026<\/h2>\n\n<div class=\"wp-block-post-excerpt\"><p class=\"wp-block-post-excerpt__excerpt\">SAP CEE Partner Kick-off 2026 Shaping the future together &#8211; Axians connects with the SAP community at the CEE Partner&hellip; <\/p><\/div>\n\n<a class=\"wp-block-read-more\" href=\"https:\/\/solutions.axians.com\/sap\/events\/sap-cee-partner-kick-off-2026\/\" target=\"_self\">Weiterlesen<span class=\"screen-reader-text\">: Axians at the SAP CEE Partner Kick-off 2026<\/span><\/a>\n<\/li><li class=\"wp-block-post post-5782 event type-event status-publish has-post-thumbnail hentry category-sap-event category-vor-ort\">\n<figure class=\"wp-block-post-featured-image\"><img loading=\"lazy\" decoding=\"async\" width=\"1236\" height=\"848\" src=\"https:\/\/solutions.axians.com\/sap\/wp-content\/uploads\/2025\/08\/iStock-1357255073.jpg\" class=\"attachment-post-thumbnail size-post-thumbnail wp-post-image\" alt=\"Artificial Intelligence, abstract artistic human head portrait made of dotted particles array, vector software digital visual interface. Digital soul, spirit of technological time.\" style=\"object-fit:cover;\" srcset=\"https:\/\/solutions.axians.com\/sap\/wp-content\/uploads\/2025\/08\/iStock-1357255073.jpg 1236w, https:\/\/solutions.axians.com\/sap\/wp-content\/uploads\/2025\/08\/iStock-1357255073-800x549.jpg 800w, https:\/\/solutions.axians.com\/sap\/wp-content\/uploads\/2025\/08\/iStock-1357255073-768x527.jpg 768w\" sizes=\"auto, (max-width: 1236px) 100vw, 1236px\" \/><\/figure>\n\n<div class=\"taxonomy-category wp-block-post-terms\"><div class=\"wp-block-post-terms__term\">SAP Event<\/div><span class=\"wp-block-post-terms__separator no-links\">, <\/span><div class=\"wp-block-post-terms__term\">Vor Ort<\/div><\/div>\n\n\n<div class=\"wp-block-group is-layout-flow wp-block-group-is-layout-flow\"><p>25.03.2026 \u2013 26.03.2026<\/p>\n\n\n<p class=\"separator\">|<\/p>\n\n\n<p>Warschau<\/p><\/div>\n\n\n<h2 class=\"wp-block-post-title\">Axians auf dem SAP CEE Partner Kick-off 2026<\/h2>\n\n<div class=\"wp-block-post-excerpt\"><p class=\"wp-block-post-excerpt__excerpt\">SAP CEE-Partner Kick-off 2026 Gemeinsam die Zukunft gestalten &#8211; Axians vernetzt sich mit der SAP-Community beim CEE Partner Kick-off. 25.03.2026&hellip; <\/p><\/div>\n\n<a class=\"wp-block-read-more\" href=\"https:\/\/solutions.axians.com\/sap\/de\/Veranstaltungen\/sap-cee-partner-kick-off-2026\/\" target=\"_self\">Weiterlesen<span class=\"screen-reader-text\">: Axians auf dem SAP CEE Partner Kick-off 2026<\/span><\/a>\n<\/li><li class=\"wp-block-post post-5234 event type-event status-publish has-post-thumbnail hentry category-messen-kongresse category-sap-event category-vor-ort\">\n<figure class=\"wp-block-post-featured-image\"><img loading=\"lazy\" decoding=\"async\" width=\"2560\" height=\"1536\" src=\"https:\/\/solutions.axians.com\/sap\/wp-content\/uploads\/2026\/02\/iStock-2039809714-1-scaled.jpg\" class=\"attachment-post-thumbnail size-post-thumbnail wp-post-image\" alt=\"\" style=\"object-fit:cover;\" srcset=\"https:\/\/solutions.axians.com\/sap\/wp-content\/uploads\/2026\/02\/iStock-2039809714-1-scaled.jpg 2560w, https:\/\/solutions.axians.com\/sap\/wp-content\/uploads\/2026\/02\/iStock-2039809714-1-800x480.jpg 800w, https:\/\/solutions.axians.com\/sap\/wp-content\/uploads\/2026\/02\/iStock-2039809714-1-1920x1152.jpg 1920w, https:\/\/solutions.axians.com\/sap\/wp-content\/uploads\/2026\/02\/iStock-2039809714-1-768x461.jpg 768w, https:\/\/solutions.axians.com\/sap\/wp-content\/uploads\/2026\/02\/iStock-2039809714-1-1536x922.jpg 1536w, https:\/\/solutions.axians.com\/sap\/wp-content\/uploads\/2026\/02\/iStock-2039809714-1-2048x1229.jpg 2048w\" sizes=\"auto, (max-width: 2560px) 100vw, 2560px\" \/><\/figure>\n\n<div class=\"taxonomy-category wp-block-post-terms\"><div class=\"wp-block-post-terms__term\">Messen &amp; Kongresse<\/div><span class=\"wp-block-post-terms__separator no-links\">, <\/span><div class=\"wp-block-post-terms__term\">SAP Event<\/div><div class=\"wp-block-post-terms__term\">Vor Ort<\/div><\/div>\n\n\n<div class=\"wp-block-group is-layout-flow wp-block-group-is-layout-flow\"><p>24.03.2026<\/p>\n\n\n<p class=\"separator\">|<\/p>\n\n\n<p>Austria Center Vienna<\/p><\/div>\n\n\n<h2 class=\"wp-block-post-title\">SAP Connect Day Wien 2026 &#8211; Axians vor Ort<\/h2>\n\n<div class=\"wp-block-post-excerpt\"><p class=\"wp-block-post-excerpt__excerpt\">Axians beim SAP Connect Day Wien: Strategien, Praxis &amp; Cloud-Realit\u00e4t Herausforderungen in Chancen verwandeln &#8211; \u00fcber alle Gesch\u00e4ftsbereiche hinweg! 24.03.2026&hellip; <\/p><\/div>\n\n<a class=\"wp-block-read-more\" href=\"https:\/\/solutions.axians.com\/sap\/at\/Veranstaltungen\/sap-connect-day-wien-2026-axians-vor-ort\/\" target=\"_self\">Weiterlesen<span class=\"screen-reader-text\">: SAP Connect Day Wien 2026 &#8211; Axians vor Ort<\/span><\/a>\n<\/li><li class=\"wp-block-post post-5179 event type-event status-publish has-post-thumbnail hentry category-on-site category-trade-fairs-conferences\">\n<figure class=\"wp-block-post-featured-image\"><img loading=\"lazy\" decoding=\"async\" width=\"2560\" height=\"1536\" src=\"https:\/\/solutions.axians.com\/sap\/wp-content\/uploads\/2026\/02\/iStock-2039809714-1-scaled.jpg\" class=\"attachment-post-thumbnail size-post-thumbnail wp-post-image\" alt=\"\" style=\"object-fit:cover;\" srcset=\"https:\/\/solutions.axians.com\/sap\/wp-content\/uploads\/2026\/02\/iStock-2039809714-1-scaled.jpg 2560w, https:\/\/solutions.axians.com\/sap\/wp-content\/uploads\/2026\/02\/iStock-2039809714-1-800x480.jpg 800w, https:\/\/solutions.axians.com\/sap\/wp-content\/uploads\/2026\/02\/iStock-2039809714-1-1920x1152.jpg 1920w, https:\/\/solutions.axians.com\/sap\/wp-content\/uploads\/2026\/02\/iStock-2039809714-1-768x461.jpg 768w, https:\/\/solutions.axians.com\/sap\/wp-content\/uploads\/2026\/02\/iStock-2039809714-1-1536x922.jpg 1536w, https:\/\/solutions.axians.com\/sap\/wp-content\/uploads\/2026\/02\/iStock-2039809714-1-2048x1229.jpg 2048w\" sizes=\"auto, (max-width: 2560px) 100vw, 2560px\" \/><\/figure>\n\n<div class=\"taxonomy-category wp-block-post-terms\"><div class=\"wp-block-post-terms__term\">On site<\/div><span class=\"wp-block-post-terms__separator no-links\">, <\/span><div class=\"wp-block-post-terms__term\">Trade fairs &amp; conferences<\/div><\/div>\n\n\n<div class=\"wp-block-group is-layout-flow wp-block-group-is-layout-flow\"><p>24.03.2026<\/p>\n\n\n<p class=\"separator\">|<\/p>\n\n\n<p>Austria Center Vienna<\/p><\/div>\n\n\n<h2 class=\"wp-block-post-title\">SAP Connect Day Vienna 2026 &#8211; Axians on site<\/h2>\n\n<div class=\"wp-block-post-excerpt\"><p class=\"wp-block-post-excerpt__excerpt\">Axians at SAP Connect Day Vienna: strategies, practice &amp; cloud reality Turning challenges into opportunities &#8211; across all business areas!&hellip; <\/p><\/div>\n\n<a class=\"wp-block-read-more\" href=\"https:\/\/solutions.axians.com\/sap\/events\/sap-connect-day-vienna-2026-axians-on-site\/\" target=\"_self\">Weiterlesen<span class=\"screen-reader-text\">: SAP Connect Day Vienna 2026 &#8211; Axians on site<\/span><\/a>\n<\/li><li class=\"wp-block-post post-5131 event type-event status-publish has-post-thumbnail hentry category-messen-kongresse category-sap-event-2 category-vor-ort\">\n<figure class=\"wp-block-post-featured-image\"><img loading=\"lazy\" decoding=\"async\" width=\"2560\" height=\"1536\" src=\"https:\/\/solutions.axians.com\/sap\/wp-content\/uploads\/2026\/02\/iStock-2039809714-1-scaled.jpg\" class=\"attachment-post-thumbnail size-post-thumbnail wp-post-image\" alt=\"\" style=\"object-fit:cover;\" srcset=\"https:\/\/solutions.axians.com\/sap\/wp-content\/uploads\/2026\/02\/iStock-2039809714-1-scaled.jpg 2560w, https:\/\/solutions.axians.com\/sap\/wp-content\/uploads\/2026\/02\/iStock-2039809714-1-800x480.jpg 800w, https:\/\/solutions.axians.com\/sap\/wp-content\/uploads\/2026\/02\/iStock-2039809714-1-1920x1152.jpg 1920w, https:\/\/solutions.axians.com\/sap\/wp-content\/uploads\/2026\/02\/iStock-2039809714-1-768x461.jpg 768w, https:\/\/solutions.axians.com\/sap\/wp-content\/uploads\/2026\/02\/iStock-2039809714-1-1536x922.jpg 1536w, https:\/\/solutions.axians.com\/sap\/wp-content\/uploads\/2026\/02\/iStock-2039809714-1-2048x1229.jpg 2048w\" sizes=\"auto, (max-width: 2560px) 100vw, 2560px\" \/><\/figure>\n\n<div class=\"taxonomy-category wp-block-post-terms\"><div class=\"wp-block-post-terms__term\">Messen &amp; Kongresse<\/div><span class=\"wp-block-post-terms__separator no-links\">, <\/span><div class=\"wp-block-post-terms__term\">SAP Event<\/div><div class=\"wp-block-post-terms__term\">Vor Ort<\/div><\/div>\n\n\n<div class=\"wp-block-group is-layout-flow wp-block-group-is-layout-flow\"><p>24.03.2026<\/p>\n\n\n<p class=\"separator\">|<\/p>\n\n\n<p>Austria Center Vienna<\/p><\/div>\n\n\n<h2 class=\"wp-block-post-title\">SAP Connect Day Wien 2026 &#8211; Axians vor Ort<\/h2>\n\n<div class=\"wp-block-post-excerpt\"><p class=\"wp-block-post-excerpt__excerpt\">Axians beim SAP Connect Day Wien: Strategien, Praxis &amp; Cloud-Realit\u00e4t Herausforderungen in Chancen verwandeln &#8211; \u00fcber alle Gesch\u00e4ftsbereiche hinweg! 24.03.2026&hellip; <\/p><\/div>\n\n<a class=\"wp-block-read-more\" href=\"https:\/\/solutions.axians.com\/sap\/de\/Veranstaltungen\/sap-connect-day-wien-2026-axians-vor-ort\/\" target=\"_self\">Weiterlesen<span class=\"screen-reader-text\">: SAP Connect Day Wien 2026 &#8211; Axians vor Ort<\/span><\/a>\n<\/li><li class=\"wp-block-post post-4950 event type-event status-publish has-post-thumbnail hentry category-messen-kongresse category-vor-ort\">\n<figure class=\"wp-block-post-featured-image\"><img loading=\"lazy\" decoding=\"async\" width=\"2560\" height=\"1350\" src=\"https:\/\/solutions.axians.com\/sap\/wp-content\/uploads\/2026\/02\/iStock-2223523400-1-1-scaled.jpg\" class=\"attachment-post-thumbnail size-post-thumbnail wp-post-image\" alt=\"Speaker addressing an engaged audience.\" style=\"object-fit:cover;\" srcset=\"https:\/\/solutions.axians.com\/sap\/wp-content\/uploads\/2026\/02\/iStock-2223523400-1-1-scaled.jpg 2560w, https:\/\/solutions.axians.com\/sap\/wp-content\/uploads\/2026\/02\/iStock-2223523400-1-1-800x422.jpg 800w, https:\/\/solutions.axians.com\/sap\/wp-content\/uploads\/2026\/02\/iStock-2223523400-1-1-1920x1013.jpg 1920w, https:\/\/solutions.axians.com\/sap\/wp-content\/uploads\/2026\/02\/iStock-2223523400-1-1-768x405.jpg 768w, https:\/\/solutions.axians.com\/sap\/wp-content\/uploads\/2026\/02\/iStock-2223523400-1-1-1536x810.jpg 1536w, https:\/\/solutions.axians.com\/sap\/wp-content\/uploads\/2026\/02\/iStock-2223523400-1-1-2048x1080.jpg 2048w\" sizes=\"auto, (max-width: 2560px) 100vw, 2560px\" \/><\/figure>\n\n<div class=\"taxonomy-category wp-block-post-terms\"><div class=\"wp-block-post-terms__term\">Messen &amp; Kongresse<\/div><span class=\"wp-block-post-terms__separator no-links\">, <\/span><div class=\"wp-block-post-terms__term\">Vor Ort<\/div><\/div>\n\n\n<div class=\"wp-block-group is-layout-flow wp-block-group-is-layout-flow\"><p>17.03.2026 \u2013 18.03.2026<\/p>\n\n\n<p class=\"separator\">|<\/p>\n\n\n<p>Congress Center Hamburg<\/p><\/div>\n\n\n<h2 class=\"wp-block-post-title\">DSAG &#8211; Technologietage 2026 &#8211; Das SAP-Tech-Event des Jahres<\/h2>\n\n<div class=\"wp-block-post-excerpt\"><p class=\"wp-block-post-excerpt__excerpt\">DSAG &#8211; Technologietage 2026 &#8211; Das SAP-Tech-Event des Jahres Treffen Sie uns am gr\u00f6\u00dften Netzwerktreffen f\u00fcr SAP-Anwenderunternehmen im deutschsprachigen Raum&hellip; <\/p><\/div>\n\n<a class=\"wp-block-read-more\" href=\"https:\/\/solutions.axians.com\/sap\/de\/Veranstaltungen\/dsag-technologietage-2026-das-sap-tech-event-des-jahres\/\" target=\"_self\">Weiterlesen<span class=\"screen-reader-text\">: DSAG &#8211; Technologietage 2026 &#8211; Das SAP-Tech-Event des Jahres<\/span><\/a>\n<\/li><li class=\"wp-block-post post-4955 event type-event status-publish has-post-thumbnail hentry category-on-site category-trade-fairs-conferences\">\n<figure class=\"wp-block-post-featured-image\"><img loading=\"lazy\" decoding=\"async\" width=\"2560\" height=\"1350\" src=\"https:\/\/solutions.axians.com\/sap\/wp-content\/uploads\/2026\/02\/iStock-2223523400-1-2-scaled.jpg\" class=\"attachment-post-thumbnail size-post-thumbnail wp-post-image\" alt=\"\" style=\"object-fit:cover;\" srcset=\"https:\/\/solutions.axians.com\/sap\/wp-content\/uploads\/2026\/02\/iStock-2223523400-1-2-scaled.jpg 2560w, https:\/\/solutions.axians.com\/sap\/wp-content\/uploads\/2026\/02\/iStock-2223523400-1-2-800x422.jpg 800w, https:\/\/solutions.axians.com\/sap\/wp-content\/uploads\/2026\/02\/iStock-2223523400-1-2-1920x1013.jpg 1920w, https:\/\/solutions.axians.com\/sap\/wp-content\/uploads\/2026\/02\/iStock-2223523400-1-2-768x405.jpg 768w, https:\/\/solutions.axians.com\/sap\/wp-content\/uploads\/2026\/02\/iStock-2223523400-1-2-1536x810.jpg 1536w, https:\/\/solutions.axians.com\/sap\/wp-content\/uploads\/2026\/02\/iStock-2223523400-1-2-2048x1080.jpg 2048w\" sizes=\"auto, (max-width: 2560px) 100vw, 2560px\" \/><\/figure>\n\n<div class=\"taxonomy-category wp-block-post-terms\"><div class=\"wp-block-post-terms__term\">On site<\/div><span class=\"wp-block-post-terms__separator no-links\">, <\/span><div class=\"wp-block-post-terms__term\">Trade fairs &amp; conferences<\/div><\/div>\n\n\n<div class=\"wp-block-group is-layout-flow wp-block-group-is-layout-flow\"><p>17.03.2026 \u2013 18.03.2026<\/p>\n\n\n<p class=\"separator\">|<\/p>\n\n\n<p>Congress Center Hamburg<\/p><\/div>\n\n\n<h2 class=\"wp-block-post-title\">DSAG &#8211; Technology Days 2026 &#8211; The SAP tech event of the year<\/h2>\n\n<div class=\"wp-block-post-excerpt\"><p class=\"wp-block-post-excerpt__excerpt\">DSAG &#8211; Technology Days 2026 &#8211; The SAP tech event of the year Meet us at the largest network meeting&hellip; <\/p><\/div>\n\n<a class=\"wp-block-read-more\" href=\"https:\/\/solutions.axians.com\/sap\/events\/dsag-technology-days-2026-the-sap-tech-event-of-the-year\/\" target=\"_self\">Weiterlesen<span class=\"screen-reader-text\">: DSAG &#8211; Technology Days 2026 &#8211; The SAP tech event of the year<\/span><\/a>\n<\/li><li class=\"wp-block-post post-4877 event type-event status-publish has-post-thumbnail hentry category-dsag-event category-messen-kongresse category-vor-ort\">\n<figure class=\"wp-block-post-featured-image\"><img loading=\"lazy\" decoding=\"async\" width=\"2560\" height=\"1350\" src=\"https:\/\/solutions.axians.com\/sap\/wp-content\/uploads\/2026\/02\/iStock-2223523400-1-scaled.jpg\" class=\"attachment-post-thumbnail size-post-thumbnail wp-post-image\" alt=\"\" style=\"object-fit:cover;\" srcset=\"https:\/\/solutions.axians.com\/sap\/wp-content\/uploads\/2026\/02\/iStock-2223523400-1-scaled.jpg 2560w, https:\/\/solutions.axians.com\/sap\/wp-content\/uploads\/2026\/02\/iStock-2223523400-1-800x422.jpg 800w, https:\/\/solutions.axians.com\/sap\/wp-content\/uploads\/2026\/02\/iStock-2223523400-1-1920x1013.jpg 1920w, https:\/\/solutions.axians.com\/sap\/wp-content\/uploads\/2026\/02\/iStock-2223523400-1-768x405.jpg 768w, https:\/\/solutions.axians.com\/sap\/wp-content\/uploads\/2026\/02\/iStock-2223523400-1-1536x810.jpg 1536w, https:\/\/solutions.axians.com\/sap\/wp-content\/uploads\/2026\/02\/iStock-2223523400-1-2048x1080.jpg 2048w\" sizes=\"auto, (max-width: 2560px) 100vw, 2560px\" \/><\/figure>\n\n<div class=\"taxonomy-category wp-block-post-terms\"><div class=\"wp-block-post-terms__term\">DSAG Event<\/div><span class=\"wp-block-post-terms__separator no-links\">, <\/span><div class=\"wp-block-post-terms__term\">Messen &amp; Kongresse<\/div><div class=\"wp-block-post-terms__term\">Vor Ort<\/div><\/div>\n\n\n<div class=\"wp-block-group is-layout-flow wp-block-group-is-layout-flow\"><p>17.03.2026 \u2013 18.03.2026<\/p>\n\n\n<p class=\"separator\">|<\/p>\n\n\n<p>Congress Center Hamburg<\/p><\/div>\n\n\n<h2 class=\"wp-block-post-title\">DSAG &#8211; Technologietage 2026 &#8211; Das SAP-Tech-Event des Jahres<\/h2>\n\n<div class=\"wp-block-post-excerpt\"><p class=\"wp-block-post-excerpt__excerpt\">DSAG &#8211; Technologietage 2026 &#8211; Das SAP-Tech-Event des Jahres Treffen Sie uns am gr\u00f6\u00dften Netzwerktreffen f\u00fcr SAP-Anwenderunternehmen im deutschsprachigen Raum&hellip; <\/p><\/div>\n\n<a class=\"wp-block-read-more\" href=\"https:\/\/solutions.axians.com\/sap\/at\/Veranstaltungen\/dsag-technologietage-2026\/\" target=\"_self\">Weiterlesen<span class=\"screen-reader-text\">: DSAG &#8211; Technologietage 2026 &#8211; Das SAP-Tech-Event des Jahres<\/span><\/a>\n<\/li><li class=\"wp-block-post post-4250 event type-event status-publish has-post-thumbnail hentry category-axians-event\">\n<figure class=\"wp-block-post-featured-image\"><img loading=\"lazy\" decoding=\"async\" width=\"1366\" height=\"768\" src=\"https:\/\/solutions.axians.com\/sap\/wp-content\/uploads\/2025\/11\/Header-Court-Cloud-Event-MUC.jpg\" class=\"attachment-post-thumbnail size-post-thumbnail wp-post-image\" alt=\"Court &amp; Cloud: Cloud ERP meets Basketball\" style=\"object-fit:cover;\" srcset=\"https:\/\/solutions.axians.com\/sap\/wp-content\/uploads\/2025\/11\/Header-Court-Cloud-Event-MUC.jpg 1366w, https:\/\/solutions.axians.com\/sap\/wp-content\/uploads\/2025\/11\/Header-Court-Cloud-Event-MUC-800x450.jpg 800w, https:\/\/solutions.axians.com\/sap\/wp-content\/uploads\/2025\/11\/Header-Court-Cloud-Event-MUC-768x432.jpg 768w\" sizes=\"auto, (max-width: 1366px) 100vw, 1366px\" \/><\/figure>\n\n<div class=\"taxonomy-category wp-block-post-terms\"><div class=\"wp-block-post-terms__term\">Axians Event<\/div><\/div>\n\n\n<div class=\"wp-block-group is-layout-flow wp-block-group-is-layout-flow\"><p>22.01.2026<\/p>\n\n\n<p class=\"separator\">|<\/p>\n\n\n<p>SAP Garden M\u00fcnchen<\/p><\/div>\n\n\n<h2 class=\"wp-block-post-title\">Court &amp; Cloud: mit Dynamik zum SAP Cloud ERP<\/h2>\n\n<div class=\"wp-block-post-excerpt\"><p class=\"wp-block-post-excerpt__excerpt\">Erfahren Sie in diesem exklusiven Business-Event, wie Unternehmen ihren ersten Schritt in die SAP-Welt wagen und mit Cloud ERP und&hellip; <\/p><\/div>\n\n<a class=\"wp-block-read-more\" href=\"https:\/\/solutions.axians.com\/sap\/at\/Veranstaltungen\/court-cloud-mit-dynamik-zum-cloud-erp\/\" target=\"_self\">Weiterlesen<span class=\"screen-reader-text\">: Court &amp; Cloud: mit Dynamik zum SAP Cloud ERP<\/span><\/a>\n<\/li><li class=\"wp-block-post post-4004 event type-event status-publish has-post-thumbnail hentry category-axians-event\">\n<figure class=\"wp-block-post-featured-image\"><img loading=\"lazy\" decoding=\"async\" width=\"1366\" height=\"768\" src=\"https:\/\/solutions.axians.com\/sap\/wp-content\/uploads\/2025\/11\/Header-Court-Cloud-Event-MUC.jpg\" class=\"attachment-post-thumbnail size-post-thumbnail wp-post-image\" alt=\"Pink basketball against gradient background\" style=\"object-fit:cover;\" srcset=\"https:\/\/solutions.axians.com\/sap\/wp-content\/uploads\/2025\/11\/Header-Court-Cloud-Event-MUC.jpg 1366w, https:\/\/solutions.axians.com\/sap\/wp-content\/uploads\/2025\/11\/Header-Court-Cloud-Event-MUC-800x450.jpg 800w, https:\/\/solutions.axians.com\/sap\/wp-content\/uploads\/2025\/11\/Header-Court-Cloud-Event-MUC-768x432.jpg 768w\" sizes=\"auto, (max-width: 1366px) 100vw, 1366px\" \/><\/figure>\n\n<div class=\"taxonomy-category wp-block-post-terms\"><div class=\"wp-block-post-terms__term\">Axians Event<\/div><\/div>\n\n\n<div class=\"wp-block-group is-layout-flow wp-block-group-is-layout-flow\"><p>22.01.2026<\/p>\n\n\n<p class=\"separator\">|<\/p>\n\n\n<p>SAP Garden M\u00fcnchen<\/p><\/div>\n\n\n<h2 class=\"wp-block-post-title\">Court &amp; Cloud: Basketball meets Cloud ERP<\/h2>\n\n<div class=\"wp-block-post-excerpt\"><p class=\"wp-block-post-excerpt__excerpt\">Erfahren Sie in diesem exklusiven Business-Event, wie Unternehmen ihren ersten Schritt in die SAP-Welt wagen und mit Cloud ERP und&hellip; <\/p><\/div>\n\n<a class=\"wp-block-read-more\" href=\"https:\/\/solutions.axians.com\/sap\/de\/Veranstaltungen\/court-cloud-mit-dynamik-zum-cloud-erp\/\" target=\"_self\">Weiterlesen<span class=\"screen-reader-text\">: Court &amp; Cloud: Basketball meets Cloud ERP<\/span><\/a>\n<\/li><\/ul><\/div>\n\n\n<nav class=\"wp-block-query-pagination is-layout-flex wp-block-query-pagination-is-layout-flex\" aria-label=\"Pagination\">\n\n\n<div class=\"wp-block-query-pagination-numbers\"><span aria-current=\"page\" class=\"page-numbers current\">1<\/span>\n<a class=\"page-numbers\" href=\"?query-page=2\">2<\/a>\n<a class=\"page-numbers\" href=\"?query-page=3\">3<\/a>\n<a class=\"page-numbers\" href=\"?query-page=4\">4<\/a><\/div>\n\n<a href=\"\/sap\/wp-json\/wp\/v2\/pages\/2851?query-page=2\" class=\"wp-block-query-pagination-next\">Next Page<\/a>\n<\/nav>\n\n<\/div>\n<\/div>\n<\/div>\n<\/section>\n","protected":false},"excerpt":{"rendered":"<p>SAP Events mit Axians \u2013 Wissen, das bewegt.&nbsp; Erleben Sie SAP-Innovation live: Inspiration, Austausch und echte Praxisimpulse f\u00fcr Ihre Business Transformation.&nbsp; Ob Branchenevents, Fachkongresse oder digitale Formate \u2013 hier finden Sie alle aktuellen Veranstaltungen rund um SAP mit Axians auf einen Blick. Entdecken Sie, wo wir \u00fcber Zukunftsthemen wie SAP S\/4HANA, Business AI, Cloud-Strategien und [&hellip;]<\/p>\n","protected":false},"author":1,"featured_media":0,"parent":2845,"menu_order":0,"comment_status":"closed","ping_status":"closed","template":"","meta":{"footnotes":""},"class_list":["post-2851","page","type-page","status-publish","hentry"],"lang":"at","translations":{"at":2851,"de":429,"en":2660,"hr":5628},"pll_sync_post":[],"_links":{"self":[{"href":"https:\/\/solutions.axians.com\/sap\/wp-json\/wp\/v2\/pages\/2851","targetHints":{"allow":["GET"]}}],"collection":[{"href":"https:\/\/solutions.axians.com\/sap\/wp-json\/wp\/v2\/pages"}],"about":[{"href":"https:\/\/solutions.axians.com\/sap\/wp-json\/wp\/v2\/types\/page"}],"author":[{"embeddable":true,"href":"https:\/\/solutions.axians.com\/sap\/wp-json\/wp\/v2\/users\/1"}],"replies":[{"embeddable":true,"href":"https:\/\/solutions.axians.com\/sap\/wp-json\/wp\/v2\/comments?post=2851"}],"version-history":[{"count":1,"href":"https:\/\/solutions.axians.com\/sap\/wp-json\/wp\/v2\/pages\/2851\/revisions"}],"predecessor-version":[{"id":2853,"href":"https:\/\/solutions.axians.com\/sap\/wp-json\/wp\/v2\/pages\/2851\/revisions\/2853"}],"up":[{"embeddable":true,"href":"https:\/\/solutions.axians.com\/sap\/wp-json\/wp\/v2\/pages\/2845"}],"wp:attachment":[{"href":"https:\/\/solutions.axians.com\/sap\/wp-json\/wp\/v2\/media?parent=2851"}],"curies":[{"name":"wp","href":"https:\/\/api.w.org\/{rel}","templated":true}]}}