{"id":6031,"date":"2026-03-02T14:25:03","date_gmt":"2026-03-02T13:25:03","guid":{"rendered":"https:\/\/solutions.axians.com\/sap\/?post_type=event&#038;p=6031"},"modified":"2026-03-09T09:47:27","modified_gmt":"2026-03-09T08:47:27","slug":"strategiegipfel-it-management","status":"publish","type":"event","link":"https:\/\/solutions.axians.com\/sap\/at\/Veranstaltungen\/strategiegipfel-it-management\/","title":{"rendered":"Strategiegipfel IT Management"},"content":{"rendered":"\n<section class=\"wp-block-group stage-subpage is-layout-constrained wp-block-group-is-layout-constrained\">\n<figure class=\"wp-block-image size-full\"><img loading=\"lazy\" decoding=\"async\" width=\"1536\" height=\"1024\" src=\"https:\/\/solutions.axians.com\/sap\/wp-content\/uploads\/2026\/02\/Designer-2.png\" alt=\"Strategiegipfel IT Management Event\" class=\"wp-image-6032\" srcset=\"https:\/\/solutions.axians.com\/sap\/wp-content\/uploads\/2026\/02\/Designer-2.png 1536w, https:\/\/solutions.axians.com\/sap\/wp-content\/uploads\/2026\/02\/Designer-2-800x533.png 800w, https:\/\/solutions.axians.com\/sap\/wp-content\/uploads\/2026\/02\/Designer-2-768x512.png 768w\" sizes=\"auto, (max-width: 1536px) 100vw, 1536px\" \/><\/figure>\n\n\n\n<div class=\"wp-block-group container is-layout-flow wp-block-group-is-layout-flow\">\n<div class=\"wp-block-columns row is-layout-flex wp-block-columns-is-layout-flex\">\n<div class=\"wp-block-column col-12 is-layout-flow wp-block-column-is-layout-flow\">\n<h1 class=\"wp-block-heading headline\"><strong>Strategiegipfel IT Management \u2013 Austausch auf Entscheider-Ebene<\/strong><\/h1>\n\n\n\n<p>Der Treffpunkt f\u00fcr CIOs und IT\u2011Leitungen zu entscheidungsrelevanten Zukunftsthemen!<\/p>\n<\/div>\n<\/div>\n<\/div>\n<\/section>\n\n\n\n<section class=\"wp-block-group breadcrumb is-layout-constrained wp-block-group-is-layout-constrained\">\n<div class=\"wp-block-group container is-layout-flow wp-block-group-is-layout-flow\">\n<div class=\"wp-block-columns row is-layout-flex wp-block-columns-is-layout-flex\">\n<div class=\"wp-block-column col-12 is-layout-flow wp-block-column-is-layout-flow\"><nav aria-label=\"breadcrumbs\" class=\"rank-math-breadcrumb\"><p><span class=\"last\">Home<\/span><\/p><\/nav>\n<\/div>\n<\/div>\n<\/div>\n<\/section>\n\n\n\n<section class=\"wp-block-group event-info is-layout-constrained wp-block-group-is-layout-constrained\">\n<div class=\"wp-block-group container is-layout-flow wp-block-group-is-layout-flow\">\n<div class=\"wp-block-columns row is-layout-flex wp-block-columns-is-layout-flex\">\n<div class=\"wp-block-column col-12 is-layout-flow wp-block-column-is-layout-flow\"><div class=\"taxonomy-category wp-block-post-terms\"><div class=\"wp-block-post-terms__term\">Messen &amp; Kongresse<\/div><span class=\"wp-block-post-terms__separator no-links\">, <\/span><div class=\"wp-block-post-terms__term\">Vor Ort<\/div><\/div>\n\n\n<div class=\"wp-block-group is-layout-flow wp-block-group-is-layout-flow\"><p>14.04.2026 \u2013 15.04.2026<\/p>\n\n\n<p class=\"separator\">|<\/p>\n\n\n<p>Hotel Palace Berlin<\/p><\/div>\n<\/div>\n<\/div>\n<\/div>\n<\/section>\n\n\n\n<section class=\"wp-block-group text-centered-gradient is-layout-constrained wp-block-group-is-layout-constrained\">\n<div class=\"wp-block-group container is-layout-flow wp-block-group-is-layout-flow\">\n<div class=\"wp-block-columns row is-layout-flex wp-block-columns-is-layout-flex\">\n<div class=\"wp-block-column col-12 is-layout-flow wp-block-column-is-layout-flow\">\n<h2 class=\"wp-block-heading headline\"><strong>Treffen Sie Axians am 14.\u201315. April 2026 in Berlin \u2013 f\u00fcr Impulse, Austausch und zukunftsweisende IT\u2011Strategien auf Entscheider\u2011Ebene.<\/strong><\/h2>\n<\/div>\n<\/div>\n<\/div>\n<\/section>\n\n\n\n\n\n<section class=\"wp-block-group image-indent is-layout-constrained wp-block-group-is-layout-constrained\">\n<div class=\"wp-block-group container is-layout-flow wp-block-group-is-layout-flow\">\n<div class=\"wp-block-columns row is-layout-flex wp-block-columns-is-layout-flex\">\n<div class=\"wp-block-column col-12 col-lg-9 is-layout-flow wp-block-column-is-layout-flow\">\n<figure class=\"wp-block-image size-full\"><img loading=\"lazy\" decoding=\"async\" width=\"1353\" height=\"389\" src=\"https:\/\/solutions.axians.com\/sap\/wp-content\/uploads\/2026\/02\/image-11.png\" alt=\"\" class=\"wp-image-6034\" srcset=\"https:\/\/solutions.axians.com\/sap\/wp-content\/uploads\/2026\/02\/image-11.png 1353w, https:\/\/solutions.axians.com\/sap\/wp-content\/uploads\/2026\/02\/image-11-800x230.png 800w, https:\/\/solutions.axians.com\/sap\/wp-content\/uploads\/2026\/02\/image-11-768x221.png 768w\" sizes=\"auto, (max-width: 1353px) 100vw, 1353px\" \/><\/figure>\n<\/div>\n<\/div>\n<\/div>\n<\/section>\n\n\n\n<section class=\"wp-block-group text-indent is-layout-constrained wp-block-group-is-layout-constrained\">\n<div class=\"wp-block-group container is-layout-flow wp-block-group-is-layout-flow\">\n<div class=\"wp-block-columns row is-layout-flex wp-block-columns-is-layout-flex\">\n<div class=\"wp-block-column col-12 col-lg-9 is-layout-flow wp-block-column-is-layout-flow\">\n<h2 class=\"wp-block-heading headline\">Zukunft gestalten: Ihre IT\u2011Strategie neu denken<\/h2>\n\n\n\n<p>Der Strategiegipfel IT Management bringt Entscheiderinnen und Entscheider aus IT und digitalen Fachbereichen zusammen, um sich \u00fcber strategische Entwicklungen und praxisnahe Ans\u00e4tze f\u00fcr moderne IT\u2011Landschaften auszutauschen.<\/p>\n\n\n\n<p>Im Mittelpunkt stehen Themen wie IT\u2011Architektur, Cloud\u2011Transformation, ERP\u2011Modernisierung, Cybersecurity sowie Governance und Compliance. Als Partner ist <a href=\"https:\/\/solutions.axians.com\/sap\/de\/\" data-type=\"link\" data-id=\"https:\/\/solutions.axians.com\/sap\/de\/\">Axians<\/a> vor Ort und bietet Einblicke aus erfolgreichen Transformationsprojekten sowie Raum f\u00fcr pers\u00f6nlichen Austausch.<\/p>\n\n\n\n<p><strong>Welche IT\u2011Strategien und Technologien werden Ihren Weg in die Zukunft ma\u00dfgeblich pr\u00e4gen?<\/strong><br>Die passenden Impulse dazu erhalten Sie direkt bei Axians vor Ort:  Wir zeigen Ihnen moderne ERP\u2011 und Cloud\u2011Ans\u00e4tze \u2013 und sind vor Ort f\u00fcr Ihre Fragen da<\/p>\n\n\n\n<div class=\"wp-block-buttons is-layout-flex wp-block-buttons-is-layout-flex\">\n<div class=\"wp-block-button is-style-primary\"><a class=\"wp-block-button__link wp-element-button\" href=\"https:\/\/www.project-networks.com\/events\/it-management\/\" target=\"_blank\" rel=\"noopener\">Jetzt anmelden!<\/a><\/div>\n<\/div>\n<\/div>\n<\/div>\n<\/div>\n<\/section>\n\n\n\n<section class=\"wp-block-group image-text-2-columns is-layout-constrained wp-block-group-is-layout-constrained\">\n<div class=\"wp-block-group container is-layout-flow wp-block-group-is-layout-flow\">\n<div class=\"wp-block-columns row is-layout-flex wp-block-columns-is-layout-flex\">\n<div class=\"wp-block-column col-12 is-layout-flow wp-block-column-is-layout-flow\">\n<figure class=\"wp-block-image size-full\"><img loading=\"lazy\" decoding=\"async\" width=\"1536\" height=\"1024\" src=\"https:\/\/solutions.axians.com\/sap\/wp-content\/uploads\/2026\/03\/Designer-3.png\" alt=\"\" class=\"wp-image-6172\" srcset=\"https:\/\/solutions.axians.com\/sap\/wp-content\/uploads\/2026\/03\/Designer-3.png 1536w, https:\/\/solutions.axians.com\/sap\/wp-content\/uploads\/2026\/03\/Designer-3-800x533.png 800w, https:\/\/solutions.axians.com\/sap\/wp-content\/uploads\/2026\/03\/Designer-3-768x512.png 768w\" sizes=\"auto, (max-width: 1536px) 100vw, 1536px\" \/><\/figure>\n<\/div>\n\n\n\n<div class=\"wp-block-column col-12 is-layout-flow wp-block-column-is-layout-flow\">\n<h2 class=\"wp-block-heading headline\">Was Sie auf dem IT-Strategiegipfel erwartet<\/h2>\n\n\n\n<p><strong>IT als Zukunftsgestalterin \u2013 F\u00fchrung und Strategie in Zeiten von GenAI und De\u2011Globalisierung<\/strong><\/p>\n\n\n\n<p>Die IT entwickelt sich rasant vom klassischen Supportbereich zu einem zentralen Motor f\u00fcr Wachstum, Innovation und organisatorische Resilienz. Treiber dieser Entwicklung sind vor allem generative KI, zunehmende Cloud\u2011Souver\u00e4nit\u00e4t und konsequent datengetriebene Entscheidungen. Sie ver\u00e4ndern nicht nur technologische Grundlagen, sondern auch Strukturen, Rollenbilder und F\u00fchrungsmodelle in Unternehmen. Gleichzeitig zwingen steigender Kosten- und Fachkr\u00e4ftedruck sowie geopolitische Unsicherheiten CIOs dazu, ihre strategischen Priorit\u00e4ten neu zu ordnen und IT\u2011Roadmaps schneller und flexibler auszurichten.<\/p>\n\n\n\n<p>Auf dem CIO\u2011Summit 2026 diskutieren IT\u2011F\u00fchrungskr\u00e4fte, wie AI at Scale, agilere Organisationsformen und ein st\u00e4rkeres Business\u2011IT\u2011Alignment die Transformation beschleunigen. Im Fokus steht die IT als strategischer Enabler: gesch\u00e4ftsrelevant, kulturell verankert und technologisch souver\u00e4n.<\/p>\n<\/div>\n<\/div>\n<\/div>\n<\/section>\n\n\n\n<section class=\"wp-block-group headline-text-slider-icon-text is-layout-constrained wp-block-group-is-layout-constrained\">\n<div class=\"wp-block-group container is-layout-flow wp-block-group-is-layout-flow\">\n<div class=\"wp-block-columns row is-layout-flex wp-block-columns-is-layout-flex\">\n<div class=\"wp-block-column col-12 is-layout-flow wp-block-column-is-layout-flow\">\n<h2 class=\"wp-block-heading headline\">Kernthemen<\/h2>\n\n\n\n<p>Der Strategiegipfel beleuchtet die wichtigsten Zukunftsthemen moderner IT\u2011Organisationen \u2013 von Cloud\u2011 und ERP\u2011Transformation \u00fcber Cybersecurity bis hin zu Governance und resilienten IT\u2011Architekturen.<\/p>\n\n\n\n<div class=\"wp-block-group slider-icon-text swiper is-layout-flow wp-block-group-is-layout-flow\">\n<div class=\"wp-block-group swiper-wrapper is-layout-flow wp-block-group-is-layout-flow\">\n<div class=\"wp-block-group swiper-slide is-layout-flow wp-block-group-is-layout-flow\">\n\n\n<h3 class=\"wp-block-heading headline\"><strong>IT-Strategie 2030<\/strong><\/h3>\n\n\n\n<p>Cloud &amp; Souver\u00e4nit\u00e4t<\/p>\n<\/div>\n\n\n\n<div class=\"wp-block-group swiper-slide is-layout-flow wp-block-group-is-layout-flow\">\n\n\n<h3 class=\"wp-block-heading headline\"><strong>Business-IT-Alignment<\/strong><\/h3>\n\n\n\n<p>Digital Leadership Resilienz<\/p>\n<\/div>\n\n\n\n<div class=\"wp-block-group swiper-slide is-layout-flow wp-block-group-is-layout-flow\">\n\n\n<h3 class=\"wp-block-heading headline\"><strong>AI at Scale<\/strong>&nbsp;<\/h3>\n\n\n\n<p>Agility &amp; Culture&nbsp;<\/p>\n<\/div>\n\n\n\n<div class=\"wp-block-group swiper-slide is-layout-flow wp-block-group-is-layout-flow\">\n\n\n<h3 class=\"wp-block-heading headline\">GenAI &amp; KI-Agenten<\/h3>\n\n\n\n<p>Hybride Multi-Agenten-Teams (Agentic AI)<\/p>\n<\/div>\n\n\n\n<div class=\"wp-block-group swiper-slide is-layout-flow wp-block-group-is-layout-flow\">\n\n\n<h3 class=\"wp-block-heading headline\">Plattform\u00f6konomie<\/h3>\n\n\n\n<p><\/p>\n<\/div>\n\n\n\n<div class=\"wp-block-group swiper-slide is-layout-flow wp-block-group-is-layout-flow\">\n\n\n<h3 class=\"wp-block-heading headline\">Cyber Resilience<\/h3>\n\n\n\n<p><\/p>\n<\/div>\n\n\n\n<div class=\"wp-block-group swiper-slide is-layout-flow wp-block-group-is-layout-flow\">\n\n\n<h3 class=\"wp-block-heading headline\">Value Creation<\/h3>\n\n\n\n<p><\/p>\n<\/div>\n\n\n\n<div class=\"wp-block-group swiper-slide is-layout-flow wp-block-group-is-layout-flow\">\n\n\n<h3 class=\"wp-block-heading headline\">Tech Talent<\/h3>\n\n\n\n<p><\/p>\n<\/div>\n\n\n\n<div class=\"wp-block-group swiper-slide is-layout-flow wp-block-group-is-layout-flow\">\n\n\n<h3 class=\"wp-block-heading headline\">IT as Business<\/h3>\n\n\n\n<p><\/p>\n<\/div>\n<\/div>\n<\/div>\n<\/div>\n<\/div>\n<\/div>\n<\/section>\n\n\n\n\n\n\n\n\n\n<section class=\"wp-block-group text-indent is-layout-constrained wp-block-group-is-layout-constrained\">\n<div class=\"wp-block-group container is-layout-flow wp-block-group-is-layout-flow\">\n<div class=\"wp-block-columns row is-layout-flex wp-block-columns-is-layout-flex\">\n<div class=\"wp-block-column col-12 col-lg-9 is-layout-flow wp-block-column-is-layout-flow\">\n<h2 class=\"wp-block-heading headline\">Jetzt vormerken und Axians vor Ort treffen!<\/h2>\n\n\n\n<p>Als 360\u00b0 SAP\u2011 und Cloud\u2011Partner geben wir Ihnen kompakte Einblicke in moderne ERP\u2011Strategien, hybride Cloud\u2011Architekturen und effiziente Betriebsmodelle. Nutzen Sie die Gelegenheit f\u00fcr ein pers\u00f6nliches Gespr\u00e4ch \u2013 wir freuen uns auf den Austausch vor Ort.<\/p>\n\n\n\n<div class=\"wp-block-buttons is-layout-flex wp-block-buttons-is-layout-flex\">\n<div class=\"wp-block-button is-style-primary\"><a class=\"wp-block-button__link wp-element-button\" href=\"https:\/\/www.project-networks.com\/events\/it-management\/\" target=\"_blank\" rel=\"noopener\">Jetzt anmelden<\/a><\/div>\n<\/div>\n<\/div>\n<\/div>\n<\/div>\n<\/section>\n\n\n\n<section id=\"kontakt\" class=\"wp-block-group contactperson is-layout-constrained wp-block-group-is-layout-constrained\">\n<div class=\"wp-block-group container is-layout-flow wp-block-group-is-layout-flow\">\n<div class=\"wp-block-columns row is-layout-flex wp-block-columns-is-layout-flex\">\n<div class=\"wp-block-column col-12 is-layout-flow wp-block-column-is-layout-flow\">\n<h2 class=\"wp-block-heading headline\">Was k\u00f6nnen wir f\u00fcr Sie tun?<\/h2>\n<\/div>\n\n\n\n<div class=\"wp-block-column col-12 is-layout-flow wp-block-column-is-layout-flow\">\n<figure class=\"wp-block-image size-full\"><img loading=\"lazy\" decoding=\"async\" width=\"1441\" height=\"2560\" src=\"https:\/\/solutions.axians.com\/sap\/wp-content\/uploads\/2025\/09\/DSC4810-2-scaled.jpg\" alt=\"\" class=\"wp-image-2474\" style=\"aspect-ratio:1;object-fit:cover\" srcset=\"https:\/\/solutions.axians.com\/sap\/wp-content\/uploads\/2025\/09\/DSC4810-2-scaled.jpg 1441w, https:\/\/solutions.axians.com\/sap\/wp-content\/uploads\/2025\/09\/DSC4810-2-450x800.jpg 450w, https:\/\/solutions.axians.com\/sap\/wp-content\/uploads\/2025\/09\/DSC4810-2-1081x1920.jpg 1081w, https:\/\/solutions.axians.com\/sap\/wp-content\/uploads\/2025\/09\/DSC4810-2-768x1365.jpg 768w, https:\/\/solutions.axians.com\/sap\/wp-content\/uploads\/2025\/09\/DSC4810-2-864x1536.jpg 864w, https:\/\/solutions.axians.com\/sap\/wp-content\/uploads\/2025\/09\/DSC4810-2-1153x2048.jpg 1153w\" sizes=\"auto, (max-width: 1441px) 100vw, 1441px\" \/><\/figure>\n<\/div>\n\n\n\n<div class=\"wp-block-column col-12 is-layout-flow wp-block-column-is-layout-flow\">\n<h3 class=\"wp-block-heading headline\">Michael Scharff<\/h3>\n\n\n\n<p class=\"section-headline\">Senior Sales Manager<\/p>\n\n\n\n<div class=\"wp-block-group social is-layout-flow wp-block-group-is-layout-flow\">\n<figure class=\"wp-block-image size-full\"><a class=\"https:\/\/www.linkedin.com\/in\/michael-scharff\/\" href=\"https:\/\/www.linkedin.com\/in\/michael-scharff\/\" target=\"_blank\" rel=\" noreferrer noopener\"><img decoding=\"async\" src=\"\/sap\/wp-content\/uploads\/2025\/06\/icon-linkedin.svg\" alt=\"Logo\"\/><\/a><\/figure>\n\n\n<\/div>\n\n\n\n<div class=\"wp-block-buttons is-layout-flex wp-block-buttons-is-layout-flex\">\n<div class=\"wp-block-button is-style-primary\"><a class=\"wp-block-button__link wp-element-button\" href=\"https:\/\/meetings-eu1.hubspot.com\/michael-scharff?uuid=d86e947e-106f-403d-a4d5-f4853de0d5d3\" target=\"_blank\" rel=\"noopener\">Jetzt Termin buchen<\/a><\/div>\n<\/div>\n\n\n\n<p><\/p>\n\n\n\n<div class=\"wp-block-buttons is-layout-flex wp-block-buttons-is-layout-flex\">\n<div class=\"wp-block-button is-style-primary\"><a class=\"wp-block-button__link wp-element-button\" href=\"tel:+49 711 7826096147\">Jetzt anrufen <\/a><\/div>\n<\/div>\n<\/div>\n<\/div>\n<\/div>\n<\/section>\n","protected":false},"excerpt":{"rendered":"<p>Strategiegipfel IT Management \u2013 Austausch auf Entscheider-Ebene Der Treffpunkt f\u00fcr CIOs und IT\u2011Leitungen zu entscheidungsrelevanten Zukunftsthemen! 14.04.2026 \u2013 15.04.2026 | Hotel Palace Berlin Treffen Sie Axians am 14.\u201315. April 2026 in Berlin \u2013 f\u00fcr Impulse, Austausch und zukunftsweisende IT\u2011Strategien auf Entscheider\u2011Ebene. Zukunft gestalten: Ihre IT\u2011Strategie neu denken Der Strategiegipfel IT Management bringt Entscheiderinnen und Entscheider [&hellip;]<\/p>\n","protected":false},"featured_media":6032,"parent":0,"template":"","meta":{"ort":"Hotel Palace Berlin","beginn":"14.04.2026","ende":"15.04.2026","zeitraum":"14.04.2026 \u2013 15.04.2026","footnotes":""},"categories":[473,471],"class_list":["post-6031","event","type-event","status-publish","has-post-thumbnail","hentry","category-messen-kongresse","category-vor-ort"],"lang":"at","translations":{"at":6031,"en":6045,"de":5961,"hr":6062},"pll_sync_post":[],"_links":{"self":[{"href":"https:\/\/solutions.axians.com\/sap\/wp-json\/wp\/v2\/event\/6031","targetHints":{"allow":["GET"]}}],"collection":[{"href":"https:\/\/solutions.axians.com\/sap\/wp-json\/wp\/v2\/event"}],"about":[{"href":"https:\/\/solutions.axians.com\/sap\/wp-json\/wp\/v2\/types\/event"}],"version-history":[{"count":6,"href":"https:\/\/solutions.axians.com\/sap\/wp-json\/wp\/v2\/event\/6031\/revisions"}],"predecessor-version":[{"id":6175,"href":"https:\/\/solutions.axians.com\/sap\/wp-json\/wp\/v2\/event\/6031\/revisions\/6175"}],"wp:featuredmedia":[{"embeddable":true,"href":"https:\/\/solutions.axians.com\/sap\/wp-json\/wp\/v2\/media\/6032"}],"wp:attachment":[{"href":"https:\/\/solutions.axians.com\/sap\/wp-json\/wp\/v2\/media?parent=6031"}],"wp:term":[{"taxonomy":"category","embeddable":true,"href":"https:\/\/solutions.axians.com\/sap\/wp-json\/wp\/v2\/categories?post=6031"}],"curies":[{"name":"wp","href":"https:\/\/api.w.org\/{rel}","templated":true}]}}