{"id":5131,"date":"2026-02-10T09:34:14","date_gmt":"2026-02-10T09:34:14","guid":{"rendered":"https:\/\/solutions.axians.com\/sap\/?post_type=event&#038;p=5131"},"modified":"2026-02-11T11:24:40","modified_gmt":"2026-02-11T11:24:40","slug":"sap-connect-day-wien-2026-axians-vor-ort","status":"publish","type":"event","link":"https:\/\/solutions.axians.com\/sap\/de\/Veranstaltungen\/sap-connect-day-wien-2026-axians-vor-ort\/","title":{"rendered":"SAP Connect Day Wien 2026 &#8211; Axians vor Ort"},"content":{"rendered":"\n<section class=\"wp-block-group stage-subpage is-layout-constrained wp-block-group-is-layout-constrained\">\n<figure class=\"wp-block-image size-large\"><img loading=\"lazy\" decoding=\"async\" width=\"1920\" height=\"1152\" src=\"https:\/\/solutions.axians.com\/sap\/wp-content\/uploads\/2026\/02\/iStock-2039809714-1-1920x1152.jpg\" alt=\"\" class=\"wp-image-5132\" style=\"aspect-ratio:21\/9;object-fit:cover\" srcset=\"https:\/\/solutions.axians.com\/sap\/wp-content\/uploads\/2026\/02\/iStock-2039809714-1-1920x1152.jpg 1920w, https:\/\/solutions.axians.com\/sap\/wp-content\/uploads\/2026\/02\/iStock-2039809714-1-800x480.jpg 800w, https:\/\/solutions.axians.com\/sap\/wp-content\/uploads\/2026\/02\/iStock-2039809714-1-768x461.jpg 768w, https:\/\/solutions.axians.com\/sap\/wp-content\/uploads\/2026\/02\/iStock-2039809714-1-1536x922.jpg 1536w, https:\/\/solutions.axians.com\/sap\/wp-content\/uploads\/2026\/02\/iStock-2039809714-1-2048x1229.jpg 2048w\" sizes=\"auto, (max-width: 1920px) 100vw, 1920px\" \/><\/figure>\n\n\n\n<div class=\"wp-block-group container is-layout-flow wp-block-group-is-layout-flow\">\n<div class=\"wp-block-columns row is-layout-flex wp-block-columns-is-layout-flex\">\n<div class=\"wp-block-column col-12 is-layout-flow wp-block-column-is-layout-flow\">\n<h1 class=\"wp-block-heading headline\"><strong>Axians beim SAP Connect Day Wien: Strategien, Praxis &amp; Cloud-Realit\u00e4t<\/strong><\/h1>\n\n\n\n<p>Herausforderungen in Chancen verwandeln &#8211; \u00fcber alle Gesch\u00e4ftsbereiche hinweg!<\/p>\n<\/div>\n<\/div>\n<\/div>\n<\/section>\n\n\n\n<section class=\"wp-block-group breadcrumb is-layout-constrained wp-block-group-is-layout-constrained\">\n<div class=\"wp-block-group container is-layout-flow wp-block-group-is-layout-flow\">\n<div class=\"wp-block-columns row is-layout-flex wp-block-columns-is-layout-flex\">\n<div class=\"wp-block-column col-12 is-layout-flow wp-block-column-is-layout-flow\"><nav aria-label=\"breadcrumbs\" class=\"rank-math-breadcrumb\"><p><span class=\"last\">Home<\/span><\/p><\/nav>\n<\/div>\n<\/div>\n<\/div>\n<\/section>\n\n\n\n<section class=\"wp-block-group event-info is-layout-constrained wp-block-group-is-layout-constrained\">\n<div class=\"wp-block-group container is-layout-flow wp-block-group-is-layout-flow\">\n<div class=\"wp-block-columns row is-layout-flex wp-block-columns-is-layout-flex\">\n<div class=\"wp-block-column col-12 is-layout-flow wp-block-column-is-layout-flow\"><div class=\"taxonomy-category wp-block-post-terms\"><div class=\"wp-block-post-terms__term\">Messen &amp; Kongresse<\/div><span class=\"wp-block-post-terms__separator no-links\">, <\/span><div class=\"wp-block-post-terms__term\">SAP Event<\/div><div class=\"wp-block-post-terms__term\">Vor Ort<\/div><\/div>\n\n\n<div class=\"wp-block-group is-layout-flow wp-block-group-is-layout-flow\"><p>24.03.2026<\/p>\n\n\n<p class=\"separator\">|<\/p>\n\n\n<p>Austria Center Vienna<\/p><\/div>\n<\/div>\n<\/div>\n<\/div>\n<\/section>\n\n\n\n<section class=\"wp-block-group text-centered-gradient is-layout-constrained wp-block-group-is-layout-constrained\">\n<div class=\"wp-block-group container is-layout-flow wp-block-group-is-layout-flow\">\n<div class=\"wp-block-columns row is-layout-flex wp-block-columns-is-layout-flex\">\n<div class=\"wp-block-column col-12 is-layout-flow wp-block-column-is-layout-flow\">\n<h2 class=\"wp-block-heading headline\"><strong>Treffen Sie Axians am 24.M\u00e4rz 2026 auf dem SAP Connect Day in Wien \u2013 mit eigenem Stand und einem exklusiven Kunden-Speaker-Slot rund um zukunftsf\u00e4hige ERP-Strategien.<\/strong><\/h2>\n<\/div>\n<\/div>\n<\/div>\n<\/section>\n\n\n\n\n\n<section class=\"wp-block-group text-indent is-layout-constrained wp-block-group-is-layout-constrained\">\n<div class=\"wp-block-group container is-layout-flow wp-block-group-is-layout-flow\">\n<div class=\"wp-block-columns row is-layout-flex wp-block-columns-is-layout-flex\">\n<div class=\"wp-block-column col-12 col-lg-9 is-layout-flow wp-block-column-is-layout-flow\">\n<h2 class=\"wp-block-heading headline\">Wandel beginnt hier! Der SAP Connect Day Vienna &#8211; 1 Tag &#8211; 7 Themen<\/h2>\n\n\n\n<p>Der SAP Connect Day Wien bringt Entscheider:innen aus IT und Fachbereichen zusammen, um sich \u00fcber aktuelle Entwicklungen und praxisnahe Strategien rund um moderne SAP-L\u00f6sungen auszutauschen. Im Fokus stehen reale Transformationsfragen, Cloud-Strategien und zukunftsf\u00e4hige ERP-Architekturen.<\/p>\n\n\n\n<p>Axians ist mit eigenem Stand und einem gemeinsamen Kundenvortrag vor Ort. <\/p>\n\n\n\n<p><strong>Wie wird aus technologischer Vielschichtigkeit echte Klarheit?<\/strong><br>Das zeigen wir Ihnen an unserem Stand \u2013 mit konkreten Ans\u00e4tzen und praxiserprobtem SAP-Know-how.<\/p>\n\n\n\n<div class=\"wp-block-buttons is-layout-flex wp-block-buttons-is-layout-flex\">\n<div class=\"wp-block-button is-style-primary\"><a class=\"wp-block-button__link wp-element-button\" href=\"https:\/\/events.sap.com\/at-innovationday\/de_at\/home.html\" target=\"_blank\" rel=\"noopener\">Jetzt kostenlos registrieren!<\/a><\/div>\n<\/div>\n<\/div>\n<\/div>\n<\/div>\n<\/section>\n\n\n\n<section class=\"wp-block-group headline-accordion is-layout-constrained wp-block-group-is-layout-constrained\">\n<div class=\"wp-block-group container is-layout-flow wp-block-group-is-layout-flow\">\n<div class=\"wp-block-columns row is-layout-flex wp-block-columns-is-layout-flex\">\n<div class=\"wp-block-column col-12 is-layout-flow wp-block-column-is-layout-flow\">\n<h2 class=\"wp-block-heading headline\">Axians vor Ort &#8211; Highlights auf einen Blick<\/h2>\n\n\n\n<div class=\"wp-block-group is-layout-constrained wp-block-group-is-layout-constrained\">\n<p>Axians ist als SAP-Partner <strong>mit eigenem Stand vor Ort<\/strong> und bringt <strong>gemeinsam mit einem Kunden<\/strong> einen praxisnahen <strong>Vortrag auf die B\u00fchne<\/strong>. Im Mittelpunkt stehen fundierte ERP-Transformationsentscheidungen statt Buzzwords \u2013 mit konkreten Einblicken in eine<strong> 2-Tier-ERP-Strategie<\/strong> f\u00fcr Wachstum und internationale Skalierung. Besucher erwartet pers\u00f6nlicher Austausch zu modernen SAP-Architekturen, hybriden Landschaften und Projektvorgehen sowie Networking mit Entscheidern aus dem \u00f6sterreichischen Markt \u2013 klarer Fokus auf echte Entscheidungslogik, Governance und messbaren Praxisnutzen.<br>Es erwartet Sie:<\/p>\n<\/div>\n\n\n\n<div class=\"wp-block-teufels-accordion accordion\" id=\"accordion-1336bcad-5bea-44d1-a9ec-561fce39ddf8\">\n<div class=\"wp-block-teufels-accordion-item accordion-item\"><h2 class=\"accordion-header\" id=\"heading-a50b8ae1-ae1e-465a-a626-f08bfca0bc33\"><button class=\"accordion-button collapsed\" data-bs-toggle=\"collapse\" data-bs-target=\"#collapse-a50b8ae1-ae1e-465a-a626-f08bfca0bc33\" aria-expanded=\"false\" aria-control=\"collapse-a50b8ae1-ae1e-465a-a626-f08bfca0bc33\"><br><strong><strong>Axians Partnerstand<\/strong><\/strong><\/button><\/h2><div id=\"collapse-a50b8ae1-ae1e-465a-a626-f08bfca0bc33\" class=\"accordion-collapse collapse\" aria-labelledby=\"heading-a50b8ae1-ae1e-465a-a626-f08bfca0bc33\" data-bs-parent=\"#accordion-1336bcad-5bea-44d1-a9ec-561fce39ddf8\"><div class=\"accordion-body\">\n<p>Pers\u00f6nlicher Austausch zu SAP S\/4HANA, Cloud ERP, hybriden Landschaften und Projektvorgehen<\/p>\n<\/div><\/div><\/div>\n\n\n\n<div class=\"wp-block-teufels-accordion-item accordion-item\"><h2 class=\"accordion-header\" id=\"heading-a18e5d86-3480-4fbb-bb35-1a2274edf317\"><button class=\"accordion-button collapsed\" data-bs-toggle=\"collapse\" data-bs-target=\"#collapse-a18e5d86-3480-4fbb-bb35-1a2274edf317\" aria-expanded=\"false\" aria-control=\"collapse-a18e5d86-3480-4fbb-bb35-1a2274edf317\"><br><strong><strong><strong>Strategischer Fokus statt Buzzwords<\/strong><\/strong><\/strong><\/button><\/h2><div id=\"collapse-a18e5d86-3480-4fbb-bb35-1a2274edf317\" class=\"accordion-collapse collapse\" aria-labelledby=\"heading-a18e5d86-3480-4fbb-bb35-1a2274edf317\" data-bs-parent=\"#accordion-1336bcad-5bea-44d1-a9ec-561fce39ddf8\"><div class=\"accordion-body\">\n<p>Wie Unternehmen ERP-Entscheidungen an Wachstum, Governance und Time-to-Value ausrichten<\/p>\n<\/div><\/div><\/div>\n\n\n\n<div class=\"wp-block-teufels-accordion-item accordion-item\"><h2 class=\"accordion-header\" id=\"heading-de4a0617-892f-4ff4-8aad-b60485d6ba72\"><button class=\"accordion-button collapsed\" data-bs-toggle=\"collapse\" data-bs-target=\"#collapse-de4a0617-892f-4ff4-8aad-b60485d6ba72\" aria-expanded=\"false\" aria-control=\"collapse-de4a0617-892f-4ff4-8aad-b60485d6ba72\"><strong><strong><strong>Netzwerken auf Entscheider-Ebene<\/strong><\/strong><\/strong><\/button><\/h2><div id=\"collapse-de4a0617-892f-4ff4-8aad-b60485d6ba72\" class=\"accordion-collapse collapse\" aria-labelledby=\"heading-de4a0617-892f-4ff4-8aad-b60485d6ba72\" data-bs-parent=\"#accordion-1336bcad-5bea-44d1-a9ec-561fce39ddf8\"><div class=\"accordion-body\">\n<p>Austausch mit SAP, Partnern und Kunden aus dem \u00f6sterreichischen Markt<\/p>\n<\/div><\/div><\/div>\n\n\n\n<div class=\"wp-block-teufels-accordion-item accordion-item\"><h2 class=\"accordion-header\" id=\"heading-f40d961a-1e88-487d-bf18-180fb6eff5e5\"><button class=\"accordion-button collapsed\" data-bs-toggle=\"collapse\" data-bs-target=\"#collapse-f40d961a-1e88-487d-bf18-180fb6eff5e5\" aria-expanded=\"false\" aria-control=\"collapse-f40d961a-1e88-487d-bf18-180fb6eff5e5\"><br><strong><strong><strong>Klarer Praxisnutzen<\/strong><\/strong><\/strong><\/button><\/h2><div id=\"collapse-f40d961a-1e88-487d-bf18-180fb6eff5e5\" class=\"accordion-collapse collapse\" aria-labelledby=\"heading-f40d961a-1e88-487d-bf18-180fb6eff5e5\" data-bs-parent=\"#accordion-1336bcad-5bea-44d1-a9ec-561fce39ddf8\"><div class=\"accordion-body\">\n<p>Konkrete Einblicke in Entscheidungsprozesse, nicht nur in Technologie<\/p>\n<\/div><\/div><\/div>\n<\/div>\n<\/div>\n<\/div>\n<\/div>\n<\/section>\n\n\n\n\n\n<section class=\"wp-block-group headline-accordion is-layout-constrained wp-block-group-is-layout-constrained\">\n<div class=\"wp-block-group container is-layout-flow wp-block-group-is-layout-flow\">\n<div class=\"wp-block-columns row is-layout-flex wp-block-columns-is-layout-flex\">\n<div class=\"wp-block-column col-12 is-layout-flow wp-block-column-is-layout-flow\">\n<h2 class=\"wp-block-heading headline\">Agenda<\/h2>\n\n\n\n<p><\/p>\n\n\n\n<div class=\"wp-block-teufels-accordion accordion\" id=\"accordion-79f79d7a-4d12-485e-b73f-e9d478576654\">\n<div class=\"wp-block-teufels-accordion-item accordion-item\"><h2 class=\"accordion-header\" id=\"heading-d36925c6-cdc3-41e5-ae2b-478a7d8d9f76\"><button class=\"accordion-button collapsed\" data-bs-toggle=\"collapse\" data-bs-target=\"#collapse-d36925c6-cdc3-41e5-ae2b-478a7d8d9f76\" aria-expanded=\"false\" aria-control=\"collapse-d36925c6-cdc3-41e5-ae2b-478a7d8d9f76\"><br><strong>08:00 &#8211; 09:00 | Check In, Fr\u00fchst\u00fcck &amp; Networking<\/strong><\/button><\/h2><div id=\"collapse-d36925c6-cdc3-41e5-ae2b-478a7d8d9f76\" class=\"accordion-collapse collapse\" aria-labelledby=\"heading-d36925c6-cdc3-41e5-ae2b-478a7d8d9f76\" data-bs-parent=\"#accordion-79f79d7a-4d12-485e-b73f-e9d478576654\"><div class=\"accordion-body\">\n<p><\/p>\n<\/div><\/div><\/div>\n\n\n\n<div class=\"wp-block-teufels-accordion-item accordion-item\"><h2 class=\"accordion-header\" id=\"heading-609edea5-35f0-424e-8e7e-62abd42635c4\"><button class=\"accordion-button collapsed\" data-bs-toggle=\"collapse\" data-bs-target=\"#collapse-609edea5-35f0-424e-8e7e-62abd42635c4\" aria-expanded=\"false\" aria-control=\"collapse-609edea5-35f0-424e-8e7e-62abd42635c4\"><br><strong>09:00 &#8211; 09:45 | Opening Keynote<\/strong><\/button><\/h2><div id=\"collapse-609edea5-35f0-424e-8e7e-62abd42635c4\" class=\"accordion-collapse collapse\" aria-labelledby=\"heading-609edea5-35f0-424e-8e7e-62abd42635c4\" data-bs-parent=\"#accordion-79f79d7a-4d12-485e-b73f-e9d478576654\"><div class=\"accordion-body\">\n<p><strong>Andreas J. Wagner<\/strong> \/ Managing Director, SAP \u00d6sterreich<\/p>\n<\/div><\/div><\/div>\n\n\n\n<div class=\"wp-block-teufels-accordion-item accordion-item\"><h2 class=\"accordion-header\" id=\"heading-989d057a-76ce-4f64-9193-1c86118f06d6\"><button class=\"accordion-button collapsed\" data-bs-toggle=\"collapse\" data-bs-target=\"#collapse-989d057a-76ce-4f64-9193-1c86118f06d6\" aria-expanded=\"false\" aria-control=\"collapse-989d057a-76ce-4f64-9193-1c86118f06d6\"><br><strong>09:45 &#8211; 10:30 | Networking &amp; Kaffeepause<\/strong><\/button><\/h2><div id=\"collapse-989d057a-76ce-4f64-9193-1c86118f06d6\" class=\"accordion-collapse collapse\" aria-labelledby=\"heading-989d057a-76ce-4f64-9193-1c86118f06d6\" data-bs-parent=\"#accordion-79f79d7a-4d12-485e-b73f-e9d478576654\"><div class=\"accordion-body\">\n<p><\/p>\n<\/div><\/div><\/div>\n\n\n\n<div class=\"wp-block-teufels-accordion-item accordion-item\"><h2 class=\"accordion-header\" id=\"heading-c759cf1a-fceb-48e5-a997-9c3a87ea9918\"><button class=\"accordion-button collapsed\" data-bs-toggle=\"collapse\" data-bs-target=\"#collapse-c759cf1a-fceb-48e5-a997-9c3a87ea9918\" aria-expanded=\"false\" aria-control=\"collapse-c759cf1a-fceb-48e5-a997-9c3a87ea9918\"><strong>10:30 &#8211; 12:30 | Fachbereich live: Entdecken Sie, was Ihr Business bewegt<\/strong><\/button><\/h2><div id=\"collapse-c759cf1a-fceb-48e5-a997-9c3a87ea9918\" class=\"accordion-collapse collapse\" aria-labelledby=\"heading-c759cf1a-fceb-48e5-a997-9c3a87ea9918\" data-bs-parent=\"#accordion-79f79d7a-4d12-485e-b73f-e9d478576654\"><div class=\"accordion-body\">\n<ul class=\"wp-block-list\">\n<li>Suplly Chain<\/li>\n\n\n\n<li>Customer Experience<\/li>\n\n\n\n<li>Finance<\/li>\n\n\n\n<li>Spend Management<\/li>\n\n\n\n<li>Data &amp; IT (Cloud ERP, Business Technology Platform, Business Data Cloud, Business Transformation Management)<\/li>\n<\/ul>\n<\/div><\/div><\/div>\n\n\n\n<div class=\"wp-block-teufels-accordion-item accordion-item\"><h2 class=\"accordion-header\" id=\"heading-6750aa6a-f55e-49b0-b2e3-1bee875bd4c1\"><button class=\"accordion-button collapsed\" data-bs-toggle=\"collapse\" data-bs-target=\"#collapse-6750aa6a-f55e-49b0-b2e3-1bee875bd4c1\" aria-expanded=\"false\" aria-control=\"collapse-6750aa6a-f55e-49b0-b2e3-1bee875bd4c1\"><br><strong>12:30 &#8211; 14:00 | Mittagspause<\/strong><\/button><\/h2><div id=\"collapse-6750aa6a-f55e-49b0-b2e3-1bee875bd4c1\" class=\"accordion-collapse collapse\" aria-labelledby=\"heading-6750aa6a-f55e-49b0-b2e3-1bee875bd4c1\" data-bs-parent=\"#accordion-79f79d7a-4d12-485e-b73f-e9d478576654\"><div class=\"accordion-body\">\n<p><\/p>\n<\/div><\/div><\/div>\n\n\n\n<div class=\"wp-block-teufels-accordion-item accordion-item\"><h2 class=\"accordion-header\" id=\"heading-28f99c25-d588-4e4d-b0a1-5c9e7d7a9a25\"><button class=\"accordion-button collapsed\" data-bs-toggle=\"collapse\" data-bs-target=\"#collapse-28f99c25-d588-4e4d-b0a1-5c9e7d7a9a25\" aria-expanded=\"false\" aria-control=\"collapse-28f99c25-d588-4e4d-b0a1-5c9e7d7a9a25\"><br><strong>14:00 &#8211; 16:00 | Fachbereiche live: Entdecken Sie, was ihr Business bewegt<\/strong><\/button><\/h2><div id=\"collapse-28f99c25-d588-4e4d-b0a1-5c9e7d7a9a25\" class=\"accordion-collapse collapse\" aria-labelledby=\"heading-28f99c25-d588-4e4d-b0a1-5c9e7d7a9a25\" data-bs-parent=\"#accordion-79f79d7a-4d12-485e-b73f-e9d478576654\"><div class=\"accordion-body\">\n<ul class=\"wp-block-list\">\n<li>Suplly Chain<\/li>\n\n\n\n<li>Customer Experience<\/li>\n\n\n\n<li>Finance<\/li>\n\n\n\n<li>Spend Management<\/li>\n\n\n\n<li>Data &amp; IT (Cloud ERP, Business Technology Platform, Business Data Cloud, Business Transformation Management)<\/li>\n<\/ul>\n<\/div><\/div><\/div>\n\n\n\n<div class=\"wp-block-teufels-accordion-item accordion-item\"><h2 class=\"accordion-header\" id=\"heading-dca09295-e18c-4fca-b453-adc4383e01cf\"><button class=\"accordion-button collapsed\" data-bs-toggle=\"collapse\" data-bs-target=\"#collapse-dca09295-e18c-4fca-b453-adc4383e01cf\" aria-expanded=\"false\" aria-control=\"collapse-dca09295-e18c-4fca-b453-adc4383e01cf\"><br><strong>16:00 &#8211; 16:30 | Networking &amp; Kaffeepause<\/strong><\/button><\/h2><div id=\"collapse-dca09295-e18c-4fca-b453-adc4383e01cf\" class=\"accordion-collapse collapse\" aria-labelledby=\"heading-dca09295-e18c-4fca-b453-adc4383e01cf\" data-bs-parent=\"#accordion-79f79d7a-4d12-485e-b73f-e9d478576654\"><div class=\"accordion-body\">\n<p><\/p>\n<\/div><\/div><\/div>\n\n\n\n<div class=\"wp-block-teufels-accordion-item accordion-item\"><h2 class=\"accordion-header\" id=\"heading-b930b6d3-bda0-4bc6-a969-5f27496304f8\"><button class=\"accordion-button collapsed\" data-bs-toggle=\"collapse\" data-bs-target=\"#collapse-b930b6d3-bda0-4bc6-a969-5f27496304f8\" aria-expanded=\"false\" aria-control=\"collapse-b930b6d3-bda0-4bc6-a969-5f27496304f8\"><br><strong>16:30 &#8211; 17:15 | Closing Keynote<\/strong><\/button><\/h2><div id=\"collapse-b930b6d3-bda0-4bc6-a969-5f27496304f8\" class=\"accordion-collapse collapse\" aria-labelledby=\"heading-b930b6d3-bda0-4bc6-a969-5f27496304f8\" data-bs-parent=\"#accordion-79f79d7a-4d12-485e-b73f-e9d478576654\"><div class=\"accordion-body\">\n<p><strong>Viktoria Schnaderbeck <\/strong>\/ Ehemalige Kapit\u00e4nin des \u00f6sterreichischen Frauen-Fu\u00dfballnationalteams und TV Expertin beim ORF<\/p>\n<\/div><\/div><\/div>\n\n\n\n<div class=\"wp-block-teufels-accordion-item accordion-item\"><h2 class=\"accordion-header\" id=\"heading-7b4c3fee-42fd-4dda-8863-caa837144fd4\"><button class=\"accordion-button collapsed\" data-bs-toggle=\"collapse\" data-bs-target=\"#collapse-7b4c3fee-42fd-4dda-8863-caa837144fd4\" aria-expanded=\"false\" aria-control=\"collapse-7b4c3fee-42fd-4dda-8863-caa837144fd4\"><br><strong>ab 17:15 | Ausklang mit Fingerfood<\/strong><\/button><\/h2><div id=\"collapse-7b4c3fee-42fd-4dda-8863-caa837144fd4\" class=\"accordion-collapse collapse\" aria-labelledby=\"heading-7b4c3fee-42fd-4dda-8863-caa837144fd4\" data-bs-parent=\"#accordion-79f79d7a-4d12-485e-b73f-e9d478576654\"><div class=\"accordion-body\">\n<p><\/p>\n<\/div><\/div><\/div>\n<\/div>\n<\/div>\n<\/div>\n<\/div>\n<\/section>\n\n\n\n<section class=\"wp-block-group text-indent is-layout-constrained wp-block-group-is-layout-constrained\">\n<div class=\"wp-block-group container is-layout-flow wp-block-group-is-layout-flow\">\n<div class=\"wp-block-columns row is-layout-flex wp-block-columns-is-layout-flex\">\n<div class=\"wp-block-column col-12 col-lg-9 is-layout-flow wp-block-column-is-layout-flow\">\n<h2 class=\"wp-block-heading headline\">Jetzt vormerken und Axians vor Ort treffen!<\/h2>\n\n\n\n<p>Sprechen Sie mit unseren Expertinnen und Experten \u00fcber Ihre ERP-Roadmap und erfahren Sie, wie andere Unternehmen \u00e4hnliche Herausforderungen gel\u00f6st haben.<br><br><\/p>\n\n\n\n<div class=\"wp-block-buttons is-layout-flex wp-block-buttons-is-layout-flex\">\n<div class=\"wp-block-button is-style-primary\"><a class=\"wp-block-button__link wp-element-button\" href=\"https:\/\/events.sap.com\/at-innovationday\/de_at\/home.html\" target=\"_blank\" rel=\"noopener\">Jetzt kostenlos registrieren!<\/a><\/div>\n<\/div>\n<\/div>\n<\/div>\n<\/div>\n\n\n\n<p><\/p>\n<\/section>\n\n\n\n<section id=\"kontakt\" class=\"wp-block-group contactperson is-layout-constrained wp-block-group-is-layout-constrained\">\n<div class=\"wp-block-group container is-layout-flow wp-block-group-is-layout-flow\">\n<div class=\"wp-block-columns row is-layout-flex wp-block-columns-is-layout-flex\">\n<div class=\"wp-block-column col-12 is-layout-flow wp-block-column-is-layout-flow\">\n<h2 class=\"wp-block-heading headline\">Was k\u00f6nnen wir f\u00fcr Sie tun?<\/h2>\n<\/div>\n\n\n\n<div class=\"wp-block-column col-12 is-layout-flow wp-block-column-is-layout-flow\">\n<figure class=\"wp-block-image size-full\"><img loading=\"lazy\" decoding=\"async\" width=\"1441\" height=\"2560\" src=\"https:\/\/solutions.axians.com\/sap\/wp-content\/uploads\/2025\/09\/DSC4810-2-scaled.jpg\" alt=\"\" class=\"wp-image-1894\" style=\"aspect-ratio:1;object-fit:cover\" srcset=\"https:\/\/solutions.axians.com\/sap\/wp-content\/uploads\/2025\/09\/DSC4810-2-scaled.jpg 1441w, https:\/\/solutions.axians.com\/sap\/wp-content\/uploads\/2025\/09\/DSC4810-2-450x800.jpg 450w, https:\/\/solutions.axians.com\/sap\/wp-content\/uploads\/2025\/09\/DSC4810-2-1081x1920.jpg 1081w, https:\/\/solutions.axians.com\/sap\/wp-content\/uploads\/2025\/09\/DSC4810-2-768x1365.jpg 768w, https:\/\/solutions.axians.com\/sap\/wp-content\/uploads\/2025\/09\/DSC4810-2-864x1536.jpg 864w, https:\/\/solutions.axians.com\/sap\/wp-content\/uploads\/2025\/09\/DSC4810-2-1153x2048.jpg 1153w\" sizes=\"auto, (max-width: 1441px) 100vw, 1441px\" \/><\/figure>\n<\/div>\n\n\n\n<div class=\"wp-block-column col-12 is-layout-flow wp-block-column-is-layout-flow\">\n<h3 class=\"wp-block-heading headline\">Michael Scharff<\/h3>\n\n\n\n<p class=\"section-headline\">Senior Sales Manager<\/p>\n\n\n\n<div class=\"wp-block-group social is-layout-flow wp-block-group-is-layout-flow\">\n<figure class=\"wp-block-image size-full\"><a class=\"https:\/\/www.linkedin.com\/in\/michael-scharff\/\" href=\"https:\/\/www.linkedin.com\/in\/michael-scharff\/\" target=\"_blank\" rel=\" noreferrer noopener\"><img decoding=\"async\" src=\"\/sap\/wp-content\/uploads\/2025\/06\/icon-linkedin.svg\" alt=\"Logo\"\/><\/a><\/figure>\n\n\n<\/div>\n\n\n\n<div class=\"wp-block-buttons is-layout-flex wp-block-buttons-is-layout-flex\">\n<div class=\"wp-block-button is-style-primary\"><a class=\"wp-block-button__link wp-element-button\" href=\"https:\/\/meetings-eu1.hubspot.com\/michael-scharff?uuid=d86e947e-106f-403d-a4d5-f4853de0d5d3\" target=\"_blank\" rel=\"noopener\">Jetzt Termin buchen<\/a><\/div>\n<\/div>\n\n\n\n<p><\/p>\n\n\n\n<div class=\"wp-block-buttons is-layout-flex wp-block-buttons-is-layout-flex\">\n<div class=\"wp-block-button is-style-primary\"><a class=\"wp-block-button__link wp-element-button\" href=\"tel:+49 711 7826096147\">Jetzt anrufen <\/a><\/div>\n<\/div>\n<\/div>\n<\/div>\n<\/div>\n<\/section>\n","protected":false},"excerpt":{"rendered":"<p>Axians beim SAP Connect Day Wien: Strategien, Praxis &amp; Cloud-Realit\u00e4t Herausforderungen in Chancen verwandeln &#8211; \u00fcber alle Gesch\u00e4ftsbereiche hinweg! 24.03.2026 | Austria Center Vienna Treffen Sie Axians am 24.M\u00e4rz 2026 auf dem SAP Connect Day in Wien \u2013 mit eigenem Stand und einem exklusiven Kunden-Speaker-Slot rund um zukunftsf\u00e4hige ERP-Strategien. Wandel beginnt hier! Der SAP Connect [&hellip;]<\/p>\n","protected":false},"featured_media":5132,"parent":0,"template":"","meta":{"ort":"Austria Center Vienna","beginn":"24.03.2026","ende":"","zeitraum":"24.03.2026","footnotes":""},"categories":[11,761,10],"class_list":["post-5131","event","type-event","status-publish","has-post-thumbnail","hentry","category-messen-kongresse","category-sap-event-2","category-vor-ort"],"lang":"de","translations":{"de":5131,"en":5179,"at":5234,"hr":5678},"pll_sync_post":[],"_links":{"self":[{"href":"https:\/\/solutions.axians.com\/sap\/wp-json\/wp\/v2\/event\/5131","targetHints":{"allow":["GET"]}}],"collection":[{"href":"https:\/\/solutions.axians.com\/sap\/wp-json\/wp\/v2\/event"}],"about":[{"href":"https:\/\/solutions.axians.com\/sap\/wp-json\/wp\/v2\/types\/event"}],"version-history":[{"count":5,"href":"https:\/\/solutions.axians.com\/sap\/wp-json\/wp\/v2\/event\/5131\/revisions"}],"predecessor-version":[{"id":5962,"href":"https:\/\/solutions.axians.com\/sap\/wp-json\/wp\/v2\/event\/5131\/revisions\/5962"}],"wp:featuredmedia":[{"embeddable":true,"href":"https:\/\/solutions.axians.com\/sap\/wp-json\/wp\/v2\/media\/5132"}],"wp:attachment":[{"href":"https:\/\/solutions.axians.com\/sap\/wp-json\/wp\/v2\/media?parent=5131"}],"wp:term":[{"taxonomy":"category","embeddable":true,"href":"https:\/\/solutions.axians.com\/sap\/wp-json\/wp\/v2\/categories?post=5131"}],"curies":[{"name":"wp","href":"https:\/\/api.w.org\/{rel}","templated":true}]}}