{"id":4877,"date":"2026-02-09T11:58:50","date_gmt":"2026-02-09T11:58:50","guid":{"rendered":"https:\/\/solutions.axians.com\/sap\/?post_type=event&#038;p=4877"},"modified":"2026-02-11T11:45:08","modified_gmt":"2026-02-11T11:45:08","slug":"dsag-technologietage-2026","status":"publish","type":"event","link":"https:\/\/solutions.axians.com\/sap\/at\/Veranstaltungen\/dsag-technologietage-2026\/","title":{"rendered":"DSAG &#8211; Technologietage 2026 &#8211; Das SAP-Tech-Event des Jahres"},"content":{"rendered":"\n<section class=\"wp-block-group stage-subpage is-layout-constrained wp-block-group-is-layout-constrained\">\n<figure class=\"wp-block-image size-full\"><img decoding=\"async\" src=\"https:\/\/solutions.axians.com\/sap\/wp-content\/uploads\/2025\/08\/iStock-2223523400.jpg\" alt=\"\" class=\"wp-image-3042\" style=\"aspect-ratio:21\/9;object-fit:cover\" title=\"DSAG - Technologietage 2026 - Das SAP-Tech-Event des Jahres\"\/><\/figure>\n\n\n\n<div class=\"wp-block-group container is-layout-flow wp-block-group-is-layout-flow\">\n<div class=\"wp-block-columns row is-layout-flex wp-block-columns-is-layout-flex\">\n<div class=\"wp-block-column col-12 is-layout-flow wp-block-column-is-layout-flow\">\n<h1 class=\"wp-block-heading headline\">DSAG &#8211; Technologietage 2026 &#8211; Das SAP-Tech-Event des Jahres<\/h1>\n\n\n\n<p>Treffen Sie uns am gr\u00f6\u00dften Netzwerktreffen f\u00fcr SAP-Anwenderunternehmen im deutschsprachigen Raum<\/p>\n<\/div>\n<\/div>\n<\/div>\n<\/section>\n\n\n\n\n\n<section class=\"wp-block-group event-info is-layout-constrained wp-block-group-is-layout-constrained\">\n<div class=\"wp-block-group container is-layout-flow wp-block-group-is-layout-flow\">\n<div class=\"wp-block-columns row is-layout-flex wp-block-columns-is-layout-flex\">\n<div class=\"wp-block-column col-12 is-layout-flow wp-block-column-is-layout-flow\"><div class=\"taxonomy-category wp-block-post-terms\"><div class=\"wp-block-post-terms__term\">DSAG Event<\/div><span class=\"wp-block-post-terms__separator no-links\">, <\/span><div class=\"wp-block-post-terms__term\">Messen &amp; Kongresse<\/div><div class=\"wp-block-post-terms__term\">Vor Ort<\/div><\/div>\n\n\n<div class=\"wp-block-group is-layout-flow wp-block-group-is-layout-flow\"><p class=\"17.03.2026-18.03-2026\" id=\"17.03.2026-18.03-2026\">17.03.2026 \u2013 18.03.2026<\/p>\n\n\n<p class=\"separator\">|<\/p>\n\n\n<p>Congress Center Hamburg<\/p><\/div>\n<\/div>\n<\/div>\n<\/div>\n<\/section>\n\n\n\n<section class=\"wp-block-group text-centered-gradient is-layout-constrained wp-block-group-is-layout-constrained\">\n<div class=\"wp-block-group container is-layout-flow wp-block-group-is-layout-flow\">\n<div class=\"wp-block-columns row is-layout-flex wp-block-columns-is-layout-flex\">\n<div class=\"wp-block-column col-12 is-layout-flow wp-block-column-is-layout-flow\">\n<h2 class=\"wp-block-heading headline\"><strong>Treffen Sie Axians von 17.-18. M\u00e4rz 2026 am gr\u00f6\u00dften SAP Anwender-Event im deutschsprachigen Raum &#8211; mit SAP Anwenderunternehmen, SAP-Expert:innen &amp; Entscheidern aus Mittelstand und Industrie.<\/strong><\/h2>\n<\/div>\n<\/div>\n<\/div>\n<\/section>\n\n\n\n<section class=\"wp-block-group image-indent is-layout-constrained wp-block-group-is-layout-constrained\">\n<div class=\"wp-block-group container is-layout-flow wp-block-group-is-layout-flow\">\n<div class=\"wp-block-columns row is-layout-flex wp-block-columns-is-layout-flex\">\n<div class=\"wp-block-column col-12 col-lg-9 is-layout-flow wp-block-column-is-layout-flow\">\n<figure class=\"wp-block-image size-full\"><img loading=\"lazy\" decoding=\"async\" width=\"1920\" height=\"1080\" src=\"https:\/\/solutions.axians.com\/sap\/wp-content\/uploads\/2026\/02\/image-3.png\" alt=\"\" class=\"wp-image-4886\" srcset=\"https:\/\/solutions.axians.com\/sap\/wp-content\/uploads\/2026\/02\/image-3.png 1920w, https:\/\/solutions.axians.com\/sap\/wp-content\/uploads\/2026\/02\/image-3-800x450.png 800w, https:\/\/solutions.axians.com\/sap\/wp-content\/uploads\/2026\/02\/image-3-768x432.png 768w, https:\/\/solutions.axians.com\/sap\/wp-content\/uploads\/2026\/02\/image-3-1536x864.png 1536w\" sizes=\"auto, (max-width: 1920px) 100vw, 1920px\" \/><\/figure>\n<\/div>\n<\/div>\n<\/div>\n<\/section>\n\n\n\n<section class=\"wp-block-group text-indent is-layout-constrained wp-block-group-is-layout-constrained\">\n<div class=\"wp-block-group container is-layout-flow wp-block-group-is-layout-flow\">\n<div class=\"wp-block-columns row is-layout-flex wp-block-columns-is-layout-flex\">\n<div class=\"wp-block-column col-12 col-lg-9 is-layout-flow wp-block-column-is-layout-flow\">\n<h2 class=\"wp-block-heading headline\">Lights on Layers. Clarity by design?<\/h2>\n\n\n\n<p>Unter diesem Motto laden die DSAG-Technologietage dazu ein, die vielschichtigen Ebenen moderner SAP-Landschaften neu zu betrachten. <\/p>\n\n\n\n<p>Zwischen technologischer Innovation, Cloud-Transformation und gewachsenen Systemstrukturen stehen Unternehmen vor der Herausforderung, Komplexit\u00e4t zu reduzieren und gleichzeitig zukunftssichere Entscheidungen zu treffen. Die Veranstaltung zeigt, wie strategische Klarheit, durchdachte Architekturen und praxisnahe L\u00f6sungsans\u00e4tze den Weg zu einer leistungsf\u00e4higen, transparenten SAP-Umgebung ebnen.<\/p>\n\n\n\n<p><strong>Wie wird aus technologischer Vielschichtigkeit echte Klarheit?<\/strong><br>Das zeigen wir Ihnen an unserem Stand \u2013 mit konkreten Strategien, erprobten Vorgehensmodellen und langj\u00e4hrigem SAP-Technologie-Know-how.<\/p>\n\n\n\n<div class=\"wp-block-buttons is-layout-flex wp-block-buttons-is-layout-flex\">\n<div class=\"wp-block-button is-style-primary\"><a class=\"wp-block-button__link wp-element-button\" href=\"https:\/\/dsag.de\/events\/dsag-technologietage-2026\/\" target=\"_blank\" rel=\"noopener\">Jetzt anmelden &amp; Ticket sichern<\/a><\/div>\n<\/div>\n<\/div>\n<\/div>\n<\/div>\n<\/section>\n\n\n\n<section class=\"wp-block-group text-indent is-layout-constrained wp-block-group-is-layout-constrained\">\n<div class=\"wp-block-group container is-layout-flow wp-block-group-is-layout-flow\">\n<div class=\"wp-block-columns row is-layout-flex wp-block-columns-is-layout-flex\">\n<div class=\"wp-block-column col-12 col-lg-9 is-layout-flow wp-block-column-is-layout-flow\">\n<h2 class=\"wp-block-heading headline\">Was erwartet Sie?<\/h2>\n\n\n\n<p>Teilnehmende erwarten praxisnahe Vortr\u00e4ge, Diskussionen, Expert-Sessions und interaktive Panels, die&nbsp;<strong>Verantwortlichen aus IT-Architektur, Entwicklung, Betrieb und Digitalstrategie<\/strong>&nbsp;relevante Antworten auf aktuelle SAP-Technologiefragen liefern. Gleichzeitig bietet die begleitende&nbsp;<strong>Partnerausstellung<\/strong>&nbsp;einen hervorragenden Rahmen f\u00fcr Austausch, Networking und neue Impulse aus der SAP-Partnercommunity.<\/p>\n<\/div>\n<\/div>\n<\/div>\n\n\n\n<p><\/p>\n<\/section>\n\n\n\n<section class=\"wp-block-group headline-accordion is-layout-constrained wp-block-group-is-layout-constrained\">\n<div class=\"wp-block-group container is-layout-flow wp-block-group-is-layout-flow\">\n<div class=\"wp-block-columns row is-layout-flex wp-block-columns-is-layout-flex\">\n<div class=\"wp-block-column col-12 is-layout-flow wp-block-column-is-layout-flow\">\n<h2 class=\"wp-block-heading headline\">Axians vor Ort &#8211; Technologiekompetenz live erleben<\/h2>\n\n\n\n<div class=\"wp-block-group is-layout-constrained wp-block-group-is-layout-constrained\">\n<p>Axians ist mit einem&nbsp;<strong>Ausstellerstand auf den DSAG-Technologietagen 2026 vertreten<\/strong>. Unsere SAP-Tech-Experten stehen Ihnen pers\u00f6nlich zur Verf\u00fcgung, um Ihre konkreten technischen Herausforderungen zu diskutieren und L\u00f6sungen greifbar zu machen.<br>Am Axians-Stand erwarten Sie:<\/p>\n<\/div>\n\n\n\n<div class=\"wp-block-teufels-accordion accordion\" id=\"accordion-aa76cfc4-23c7-4c5c-b9ab-44928ef64a71\">\n<div class=\"wp-block-teufels-accordion-item accordion-item\"><h2 class=\"accordion-header\" id=\"heading-aa363ded-fcbc-4bcb-ae3f-03dc00673e02\"><button class=\"accordion-button collapsed\" data-bs-toggle=\"collapse\" data-bs-target=\"#collapse-aa363ded-fcbc-4bcb-ae3f-03dc00673e02\" aria-expanded=\"false\" aria-control=\"collapse-aa363ded-fcbc-4bcb-ae3f-03dc00673e02\"><br><strong>SAP Managed Services<\/strong><\/button><\/h2><div id=\"collapse-aa363ded-fcbc-4bcb-ae3f-03dc00673e02\" class=\"accordion-collapse collapse\" aria-labelledby=\"heading-aa363ded-fcbc-4bcb-ae3f-03dc00673e02\" data-bs-parent=\"#accordion-aa76cfc4-23c7-4c5c-b9ab-44928ef64a71\"><div class=\"accordion-body\">\n<p>Strategische Betriebsmodelle und optimierte Support-Services f\u00fcr Ihre SAP-Landschaften.<\/p>\n<\/div><\/div><\/div>\n\n\n\n<div class=\"wp-block-teufels-accordion-item accordion-item\"><h2 class=\"accordion-header\" id=\"heading-e068ed96-27f9-48df-a823-a66b2023eee2\"><button class=\"accordion-button collapsed\" data-bs-toggle=\"collapse\" data-bs-target=\"#collapse-e068ed96-27f9-48df-a823-a66b2023eee2\" aria-expanded=\"false\" aria-control=\"collapse-e068ed96-27f9-48df-a823-a66b2023eee2\"><br><strong>Cloud Transformation<\/strong><\/button><\/h2><div id=\"collapse-e068ed96-27f9-48df-a823-a66b2023eee2\" class=\"accordion-collapse collapse\" aria-labelledby=\"heading-e068ed96-27f9-48df-a823-a66b2023eee2\" data-bs-parent=\"#accordion-aa76cfc4-23c7-4c5c-b9ab-44928ef64a71\"><div class=\"accordion-body\">\n<p>Roadmaps, Risiken, Best Practices f\u00fcr den erfolgreichen Wechsel in die Cloud.<\/p>\n<\/div><\/div><\/div>\n\n\n\n<div class=\"wp-block-teufels-accordion-item accordion-item\"><h2 class=\"accordion-header\" id=\"heading-ac6d7a8d-8467-48ef-b5f0-23907458e4e4\"><button class=\"accordion-button collapsed\" data-bs-toggle=\"collapse\" data-bs-target=\"#collapse-ac6d7a8d-8467-48ef-b5f0-23907458e4e4\" aria-expanded=\"false\" aria-control=\"collapse-ac6d7a8d-8467-48ef-b5f0-23907458e4e4\"><br><strong><strong>Application Lifecycle Management (ALM)<\/strong><\/strong><\/button><\/h2><div id=\"collapse-ac6d7a8d-8467-48ef-b5f0-23907458e4e4\" class=\"accordion-collapse collapse\" aria-labelledby=\"heading-ac6d7a8d-8467-48ef-b5f0-23907458e4e4\" data-bs-parent=\"#accordion-aa76cfc4-23c7-4c5c-b9ab-44928ef64a71\"><div class=\"accordion-body\">\n<p>Effiziente Prozesse zur Governance, Orchestrierung und Qualit\u00e4tssicherung.<\/p>\n<\/div><\/div><\/div>\n\n\n\n<div class=\"wp-block-teufels-accordion-item accordion-item\"><h2 class=\"accordion-header\" id=\"heading-477ea77e-0546-4d07-80e3-e5623bb16c5f\"><button class=\"accordion-button collapsed\" data-bs-toggle=\"collapse\" data-bs-target=\"#collapse-477ea77e-0546-4d07-80e3-e5623bb16c5f\" aria-expanded=\"false\" aria-control=\"collapse-477ea77e-0546-4d07-80e3-e5623bb16c5f\"><strong><strong>SAP BTP Einf\u00fchrung &amp; Entwicklung<\/strong><\/strong><\/button><\/h2><div id=\"collapse-477ea77e-0546-4d07-80e3-e5623bb16c5f\" class=\"accordion-collapse collapse\" aria-labelledby=\"heading-477ea77e-0546-4d07-80e3-e5623bb16c5f\" data-bs-parent=\"#accordion-aa76cfc4-23c7-4c5c-b9ab-44928ef64a71\"><div class=\"accordion-body\">\n<p>Praxisnahe Ans\u00e4tze zur Einf\u00fchrung der Business Technology Platform und projektbegleitete BTP-Entwicklungen.<\/p>\n<\/div><\/div><\/div>\n\n\n\n<div class=\"wp-block-teufels-accordion-item accordion-item\"><h2 class=\"accordion-header\" id=\"heading-c9f86e0b-fcd7-455b-a1cd-8fad8eef06af\"><button class=\"accordion-button collapsed\" data-bs-toggle=\"collapse\" data-bs-target=\"#collapse-c9f86e0b-fcd7-455b-a1cd-8fad8eef06af\" aria-expanded=\"false\" aria-control=\"collapse-c9f86e0b-fcd7-455b-a1cd-8fad8eef06af\"><br><strong><strong>Unsere 24 Branchen-Add-Ons<\/strong><\/strong><\/button><\/h2><div id=\"collapse-c9f86e0b-fcd7-455b-a1cd-8fad8eef06af\" class=\"accordion-collapse collapse\" aria-labelledby=\"heading-c9f86e0b-fcd7-455b-a1cd-8fad8eef06af\" data-bs-parent=\"#accordion-aa76cfc4-23c7-4c5c-b9ab-44928ef64a71\"><div class=\"accordion-body\">\n<p>Innovative, eigens entwickelte L\u00f6sungen, die Ihre SAP-Prozesse branchenspezifisch erweitern und beschleunigen.<\/p>\n<\/div><\/div><\/div>\n<\/div>\n\n\n\n<div class=\"wp-block-buttons is-layout-flex wp-block-buttons-is-layout-flex\">\n<div class=\"wp-block-button is-style-primary\"><a class=\"wp-block-button__link wp-element-button\" href=\"https:\/\/www.scherer-event.com\/DSAG_Technologietage_2026_TN\" target=\"_blank\" rel=\"noopener\">Jetzt anmelden!<\/a><\/div>\n<\/div>\n<\/div>\n<\/div>\n<\/div>\n<\/section>\n\n\n\n<section class=\"wp-block-group text-indent is-layout-constrained wp-block-group-is-layout-constrained\">\n<div class=\"wp-block-group container is-layout-flow wp-block-group-is-layout-flow\">\n<div class=\"wp-block-columns row is-layout-flex wp-block-columns-is-layout-flex\">\n<div class=\"wp-block-column col-12 col-lg-9 is-layout-flow wp-block-column-is-layout-flow\">\n<h2 class=\"wp-block-heading headline\">Warum teilnehmen?&nbsp;<\/h2>\n\n\n\n<p>Treten Sie in den&nbsp;<strong>direkten Dialog mit unseren Architekten, Entwicklern und technischen Beratern<\/strong>, gewinnen Sie Insights zu konkreten SAP-Use-Cases und lassen Sie sich inspirieren, wie Sie technologische Komplexit\u00e4t in echte Wettbewerbsvorteile verwandeln.<\/p>\n\n\n\n<div class=\"wp-block-buttons is-layout-flex wp-block-buttons-is-layout-flex\">\n<div class=\"wp-block-button is-style-primary\"><a class=\"wp-block-button__link wp-element-button\" href=\"https:\/\/dsag.de\/events\/dsag-technologietage-2026\/\" target=\"_blank\" rel=\"noopener\">Jetzt anmelden &amp; Ticket sichern<\/a><\/div>\n<\/div>\n<\/div>\n<\/div>\n<\/div>\n\n\n\n<p><\/p>\n<\/section>\n\n\n\n<section id=\"kontakt\" class=\"wp-block-group contactperson is-layout-constrained wp-block-group-is-layout-constrained\">\n<div class=\"wp-block-group container is-layout-flow wp-block-group-is-layout-flow\">\n<div class=\"wp-block-columns row is-layout-flex wp-block-columns-is-layout-flex\">\n<div class=\"wp-block-column col-12 is-layout-flow wp-block-column-is-layout-flow\">\n<h2 class=\"wp-block-heading headline\">Was k\u00f6nnen wir f\u00fcr Sie tun?<\/h2>\n<\/div>\n\n\n\n<div class=\"wp-block-column col-12 is-layout-flow wp-block-column-is-layout-flow\">\n<figure class=\"wp-block-image size-full\"><img loading=\"lazy\" decoding=\"async\" width=\"1441\" height=\"2560\" src=\"https:\/\/solutions.axians.com\/sap\/wp-content\/uploads\/2025\/09\/DSC4810-2-scaled.jpg\" alt=\"\" class=\"wp-image-2474\" style=\"aspect-ratio:1;object-fit:cover\" srcset=\"https:\/\/solutions.axians.com\/sap\/wp-content\/uploads\/2025\/09\/DSC4810-2-scaled.jpg 1441w, https:\/\/solutions.axians.com\/sap\/wp-content\/uploads\/2025\/09\/DSC4810-2-450x800.jpg 450w, https:\/\/solutions.axians.com\/sap\/wp-content\/uploads\/2025\/09\/DSC4810-2-1081x1920.jpg 1081w, https:\/\/solutions.axians.com\/sap\/wp-content\/uploads\/2025\/09\/DSC4810-2-768x1365.jpg 768w, https:\/\/solutions.axians.com\/sap\/wp-content\/uploads\/2025\/09\/DSC4810-2-864x1536.jpg 864w, https:\/\/solutions.axians.com\/sap\/wp-content\/uploads\/2025\/09\/DSC4810-2-1153x2048.jpg 1153w\" sizes=\"auto, (max-width: 1441px) 100vw, 1441px\" \/><\/figure>\n<\/div>\n\n\n\n<div class=\"wp-block-column col-12 is-layout-flow wp-block-column-is-layout-flow\">\n<h3 class=\"wp-block-heading headline\">Michael Scharff<\/h3>\n\n\n\n<p class=\"section-headline\">Senior Sales Manager<\/p>\n\n\n\n<div class=\"wp-block-group social is-layout-flow wp-block-group-is-layout-flow\">\n<figure class=\"wp-block-image size-full\"><a class=\"https:\/\/www.linkedin.com\/in\/michael-scharff\/\" href=\"https:\/\/www.linkedin.com\/in\/michael-scharff\/\" target=\"_blank\" rel=\" noreferrer noopener\"><img decoding=\"async\" src=\"\/sap\/wp-content\/uploads\/2025\/06\/icon-linkedin.svg\" alt=\"Logo\"\/><\/a><\/figure>\n\n\n<\/div>\n\n\n\n<div class=\"wp-block-buttons is-layout-flex wp-block-buttons-is-layout-flex\">\n<div class=\"wp-block-button is-style-primary\"><a class=\"wp-block-button__link wp-element-button\" href=\"https:\/\/meetings-eu1.hubspot.com\/michael-scharff?uuid=d86e947e-106f-403d-a4d5-f4853de0d5d3\" target=\"_blank\" rel=\"noopener\">Jetzt Termin buchen<\/a><\/div>\n<\/div>\n\n\n\n<p><\/p>\n\n\n\n<div class=\"wp-block-buttons is-layout-flex wp-block-buttons-is-layout-flex\">\n<div class=\"wp-block-button is-style-primary\"><a class=\"wp-block-button__link wp-element-button\" href=\"tel:+49 711 7826096147\">Jetzt anrufen <\/a><\/div>\n<\/div>\n<\/div>\n<\/div>\n<\/div>\n<\/section>\n\n\n\n\n\n\n\n<p><\/p>\n","protected":false},"excerpt":{"rendered":"<p>DSAG &#8211; Technologietage 2026 &#8211; Das SAP-Tech-Event des Jahres Treffen Sie uns am gr\u00f6\u00dften Netzwerktreffen f\u00fcr SAP-Anwenderunternehmen im deutschsprachigen Raum 17.03.2026 \u2013 18.03.2026 | Congress Center Hamburg Treffen Sie Axians von 17.-18. M\u00e4rz 2026 am gr\u00f6\u00dften SAP Anwender-Event im deutschsprachigen Raum &#8211; mit SAP Anwenderunternehmen, SAP-Expert:innen &amp; Entscheidern aus Mittelstand und Industrie. Lights on Layers. [&hellip;]<\/p>\n","protected":false},"featured_media":5111,"parent":0,"template":"","meta":{"ort":"Congress Center Hamburg","beginn":"17.03.2026","ende":"18.03.2026","zeitraum":"17.03.2026 \u2013 18.03.2026","footnotes":""},"categories":[780,473,471],"class_list":["post-4877","event","type-event","status-publish","has-post-thumbnail","hentry","category-dsag-event","category-messen-kongresse","category-vor-ort"],"lang":"at","translations":{"at":4877,"de":4950,"en":4955},"pll_sync_post":[],"_links":{"self":[{"href":"https:\/\/solutions.axians.com\/sap\/wp-json\/wp\/v2\/event\/4877","targetHints":{"allow":["GET"]}}],"collection":[{"href":"https:\/\/solutions.axians.com\/sap\/wp-json\/wp\/v2\/event"}],"about":[{"href":"https:\/\/solutions.axians.com\/sap\/wp-json\/wp\/v2\/types\/event"}],"version-history":[{"count":46,"href":"https:\/\/solutions.axians.com\/sap\/wp-json\/wp\/v2\/event\/4877\/revisions"}],"predecessor-version":[{"id":5269,"href":"https:\/\/solutions.axians.com\/sap\/wp-json\/wp\/v2\/event\/4877\/revisions\/5269"}],"wp:featuredmedia":[{"embeddable":true,"href":"https:\/\/solutions.axians.com\/sap\/wp-json\/wp\/v2\/media\/5111"}],"wp:attachment":[{"href":"https:\/\/solutions.axians.com\/sap\/wp-json\/wp\/v2\/media?parent=4877"}],"wp:term":[{"taxonomy":"category","embeddable":true,"href":"https:\/\/solutions.axians.com\/sap\/wp-json\/wp\/v2\/categories?post=4877"}],"curies":[{"name":"wp","href":"https:\/\/api.w.org\/{rel}","templated":true}]}}