{"id":4004,"date":"2025-11-05T11:04:11","date_gmt":"2025-11-05T11:04:11","guid":{"rendered":"https:\/\/solutions.axians.com\/sap\/?post_type=event&#038;p=4004"},"modified":"2026-01-09T16:36:00","modified_gmt":"2026-01-09T16:36:00","slug":"court-cloud-mit-dynamik-zum-cloud-erp","status":"publish","type":"event","link":"https:\/\/solutions.axians.com\/sap\/de\/Veranstaltungen\/court-cloud-mit-dynamik-zum-cloud-erp\/","title":{"rendered":"Court &amp; Cloud: Basketball meets Cloud ERP"},"content":{"rendered":"\n<section class=\"wp-block-group stage-subpage is-layout-constrained wp-block-group-is-layout-constrained\">\n<figure class=\"wp-block-image size-full\"><img loading=\"lazy\" decoding=\"async\" width=\"1366\" height=\"768\" src=\"https:\/\/solutions.axians.com\/sap\/wp-content\/uploads\/2025\/11\/Header-Court-Cloud-Event-MUC.jpg\" alt=\"Court &amp; Cloud: Cloud ERP meets Basketball\" class=\"wp-image-4088\" srcset=\"https:\/\/solutions.axians.com\/sap\/wp-content\/uploads\/2025\/11\/Header-Court-Cloud-Event-MUC.jpg 1366w, https:\/\/solutions.axians.com\/sap\/wp-content\/uploads\/2025\/11\/Header-Court-Cloud-Event-MUC-800x450.jpg 800w, https:\/\/solutions.axians.com\/sap\/wp-content\/uploads\/2025\/11\/Header-Court-Cloud-Event-MUC-768x432.jpg 768w\" sizes=\"auto, (max-width: 1366px) 100vw, 1366px\" \/><\/figure>\n\n\n\n<div class=\"wp-block-group container is-layout-flow wp-block-group-is-layout-flow\">\n<div class=\"wp-block-columns row is-layout-flex wp-block-columns-is-layout-flex\">\n<div class=\"wp-block-column col-12 is-layout-flow wp-block-column-is-layout-flow\">\n<h1 class=\"wp-block-heading headline\">Court &amp; Cloud: mit Dynamik zum Cloud ERP<\/h1>\n\n\n\n<p>Was Basketball mit SAP Cloud ERP zu tun hat.<\/p>\n\n\n\n<div class=\"wp-block-buttons is-layout-flex wp-block-buttons-is-layout-flex\">\n<div class=\"wp-block-button is-style-primary\"><a class=\"wp-block-button__link wp-element-button\" href=\"#anmelden\">Jetzt kostenlos anmelden<\/a><\/div>\n<\/div>\n<\/div>\n<\/div>\n<\/div>\n<\/section>\n\n\n\n<section class=\"wp-block-group breadcrumb is-layout-constrained wp-block-group-is-layout-constrained\">\n<div class=\"wp-block-group container is-layout-flow wp-block-group-is-layout-flow\">\n<div class=\"wp-block-columns row is-layout-flex wp-block-columns-is-layout-flex\">\n<div class=\"wp-block-column col-12 is-layout-flow wp-block-column-is-layout-flow\"><nav aria-label=\"breadcrumbs\" class=\"rank-math-breadcrumb\"><p><span class=\"last\">Home<\/span><\/p><\/nav>\n<\/div>\n<\/div>\n<\/div>\n<\/section>\n\n\n\n<section class=\"wp-block-group event-info is-layout-constrained wp-block-group-is-layout-constrained\">\n<div class=\"wp-block-group container is-layout-flow wp-block-group-is-layout-flow\">\n<div class=\"wp-block-columns row is-layout-flex wp-block-columns-is-layout-flex\">\n<div class=\"wp-block-column col-12 is-layout-flow wp-block-column-is-layout-flow\"><div class=\"taxonomy-category wp-block-post-terms\"><div class=\"wp-block-post-terms__term\">Axians Event<\/div><\/div>\n\n\n<div class=\"wp-block-group is-layout-flow wp-block-group-is-layout-flow\"><p>22.01.2026, 13:00 Uhr<\/p>\n\n\n<p class=\"separator\">|<\/p>\n\n\n<p>SAP Garden M\u00fcnchen<\/p><\/div>\n<\/div>\n<\/div>\n<\/div>\n<\/section>\n\n\n\n<section class=\"wp-block-group text-centered-gradient is-layout-constrained wp-block-group-is-layout-constrained\">\n<div class=\"wp-block-group container is-layout-flow wp-block-group-is-layout-flow\">\n<div class=\"wp-block-columns row is-layout-flex wp-block-columns-is-layout-flex\">\n<div class=\"wp-block-column col-12 is-layout-flow wp-block-column-is-layout-flow\">\n<h2 class=\"wp-block-heading headline\">Erleben Sie am 22. Januar 2026 Business-Dynamik und KI-Innovation auf dem Spielfeld der Zukunft im SAP Garden M\u00fcnchen.<\/h2>\n<\/div>\n<\/div>\n<\/div>\n<\/section>\n\n\n\n<section class=\"wp-block-group text-indent-big is-layout-constrained wp-block-group-is-layout-constrained\">\n<div class=\"wp-block-group container is-layout-flow wp-block-group-is-layout-flow\">\n<div class=\"wp-block-columns row is-layout-flex wp-block-columns-is-layout-flex\">\n<div class=\"wp-block-column is-vertically-aligned-center col-12 col-lg-9 is-layout-flow wp-block-column-is-layout-flow\">\n<p>Erfahren Sie in diesem exklusiven Business-Event, wie Unternehmen ihren <strong>ersten Schritt in die SAP-Welt<\/strong> wagen und mit <strong>Cloud ERP und Business-KI<\/strong> die Basis f\u00fcr <strong>agiles, skalierbares Wachstum<\/strong> schaffen. Denn wie im Sport z\u00e4hlt auch in der Cloud das perfekte Zusammenspiel von <strong>Teamplay, Dynamik und Vertrauen<\/strong>.<\/p>\n\n\n\n<p>Gemeinsam mit SAP, Kunden und unseren Branchenexperten zeigen wir, wie Organisationen alle ihre Unternehmensbereiche mit einem SAP Cloud ERP intelligent vernetzen und Innovation messbar vorantreiben.<\/p>\n\n\n\n<p>Lassen Sie sich von Best Practices, Live-Diskussionen und Kundencases inspirieren, und genie\u00dfen Sie anschlie\u00dfend Networking, Dinner und das EuroLeague-Spiel FC Bayern Basketball vs. Valencia live in der VIP-Lounge im SAP Garden M\u00fcnchen.<\/p>\n\n\n\n<div class=\"wp-block-buttons is-content-justification-center is-layout-flex wp-block-buttons-is-layout-flex\">\n<div class=\"wp-block-button is-style-primary\"><a class=\"wp-block-button__link wp-element-button\" href=\"#anmelden\">Exklusives Ticket kostenlos sichern<\/a><\/div>\n<\/div>\n<\/div>\n<\/div>\n\n\n\n<p><\/p>\n<\/div>\n<\/section>\n\n\n\n\n\n<section class=\"wp-block-group headline-accordion is-layout-constrained wp-block-group-is-layout-constrained\">\n<div class=\"wp-block-group container is-layout-flow wp-block-group-is-layout-flow\">\n<div class=\"wp-block-columns row is-layout-flex wp-block-columns-is-layout-flex\">\n<div class=\"wp-block-column col-12 is-layout-flow wp-block-column-is-layout-flow\">\n<h2 class=\"wp-block-heading headline\">Agenda<\/h2>\n\n\n\n<p><\/p>\n\n\n\n<div class=\"wp-block-teufels-accordion accordion\" id=\"accordion-e54b92ff-c2bd-4871-bccf-7cce3a46df0d\">\n<div class=\"wp-block-teufels-accordion-item accordion-item\"><h2 class=\"accordion-header\" id=\"heading-a0ea3507-d268-4f5a-b138-f9212c456d1f\"><button class=\"accordion-button collapsed\" data-bs-toggle=\"collapse\" data-bs-target=\"#collapse-a0ea3507-d268-4f5a-b138-f9212c456d1f\" aria-expanded=\"false\" aria-control=\"collapse-a0ea3507-d268-4f5a-b138-f9212c456d1f\"><br><strong>13:00 Uhr &#8211; Einlass &amp; Welcome Coffee<\/strong><\/button><\/h2><div id=\"collapse-a0ea3507-d268-4f5a-b138-f9212c456d1f\" class=\"accordion-collapse collapse\" aria-labelledby=\"heading-a0ea3507-d268-4f5a-b138-f9212c456d1f\" data-bs-parent=\"#accordion-e54b92ff-c2bd-4871-bccf-7cce3a46df0d\"><div class=\"accordion-body\">\n<p>Ankommen, vernetzen, erster Austausch in sportlicher Atmosph\u00e4re des SAP Gardens.<\/p>\n<\/div><\/div><\/div>\n\n\n\n<div class=\"wp-block-teufels-accordion-item accordion-item\"><h2 class=\"accordion-header\" id=\"heading-ea16e5b2-af4d-4a9b-bf83-59256c8af781\"><button class=\"accordion-button collapsed\" data-bs-toggle=\"collapse\" data-bs-target=\"#collapse-ea16e5b2-af4d-4a9b-bf83-59256c8af781\" aria-expanded=\"false\" aria-control=\"collapse-ea16e5b2-af4d-4a9b-bf83-59256c8af781\"><br><strong>13:30 Uhr &#8211; Intelligente Unternehmenssteuerung mit der SAP Business Suite<\/strong><\/button><\/h2><div id=\"collapse-ea16e5b2-af4d-4a9b-bf83-59256c8af781\" class=\"accordion-collapse collapse\" aria-labelledby=\"heading-ea16e5b2-af4d-4a9b-bf83-59256c8af781\" data-bs-parent=\"#accordion-e54b92ff-c2bd-4871-bccf-7cce3a46df0d\"><div class=\"accordion-body\">\n<p>Daniel Lohrb\u00e4cher, Head-of-Sales SAP Cloud ERP gibt einen kompakten \u00dcberblick zur SAP Cloud Strategie mit der vernetzten SAP Business Suite.<\/p>\n<\/div><\/div><\/div>\n\n\n\n<div class=\"wp-block-teufels-accordion-item accordion-item\"><h2 class=\"accordion-header\" id=\"heading-214c2c57-10e9-45d3-bb42-36f9a688c072\"><button class=\"accordion-button collapsed\" data-bs-toggle=\"collapse\" data-bs-target=\"#collapse-214c2c57-10e9-45d3-bb42-36f9a688c072\" aria-expanded=\"false\" aria-control=\"collapse-214c2c57-10e9-45d3-bb42-36f9a688c072\"><br><strong>14:00 Uhr &#8211; Die Business Transformation mit dem SAP Cloud ERP: Erfahrung aus Kundensicht<\/strong><\/button><\/h2><div id=\"collapse-214c2c57-10e9-45d3-bb42-36f9a688c072\" class=\"accordion-collapse collapse\" aria-labelledby=\"heading-214c2c57-10e9-45d3-bb42-36f9a688c072\" data-bs-parent=\"#accordion-e54b92ff-c2bd-4871-bccf-7cce3a46df0d\"><div class=\"accordion-body\">\n<p>Unser Kunde Karl Schmidt Spedition zeigt wie aus der Vision eine skalierbare Cloud-Roadmap wird. Von der Analyse \u00fcber die Implementierung bis zum Support und dem Roll-out.<\/p>\n<\/div><\/div><\/div>\n\n\n\n<div class=\"wp-block-teufels-accordion-item accordion-item\"><h2 class=\"accordion-header\" id=\"heading-af7d705c-8488-47a7-8f63-4d8c2b3e4f36\"><button class=\"accordion-button collapsed\" data-bs-toggle=\"collapse\" data-bs-target=\"#collapse-af7d705c-8488-47a7-8f63-4d8c2b3e4f36\" aria-expanded=\"false\" aria-control=\"collapse-af7d705c-8488-47a7-8f63-4d8c2b3e4f36\"><strong>14:30 Uhr &#8211; Panel-Diskussion: Wie Unternehmen Stolpersteine bei der Einf\u00fchrung von Cloud ERP vermeiden k\u00f6nnen<\/strong><\/button><\/h2><div id=\"collapse-af7d705c-8488-47a7-8f63-4d8c2b3e4f36\" class=\"accordion-collapse collapse\" aria-labelledby=\"heading-af7d705c-8488-47a7-8f63-4d8c2b3e4f36\" data-bs-parent=\"#accordion-e54b92ff-c2bd-4871-bccf-7cce3a46df0d\"><div class=\"accordion-body\">\n<p>Projekt-Best-Practices &amp; Lessons Learned mit Expert:innen von Axians, SAP und der Karl Schmidt Spedition. Moderierte Diskussion mit Praxisblick.<\/p>\n<\/div><\/div><\/div>\n\n\n\n<div class=\"wp-block-teufels-accordion-item accordion-item\"><h2 class=\"accordion-header\" id=\"heading-6e158651-05b4-4c12-93bf-bc7600b28c47\"><button class=\"accordion-button collapsed\" data-bs-toggle=\"collapse\" data-bs-target=\"#collapse-6e158651-05b4-4c12-93bf-bc7600b28c47\" aria-expanded=\"false\" aria-control=\"collapse-6e158651-05b4-4c12-93bf-bc7600b28c47\"><br><strong>15:15 Uhr &#8211; Networking &amp; Pause<\/strong><\/button><\/h2><div id=\"collapse-6e158651-05b4-4c12-93bf-bc7600b28c47\" class=\"accordion-collapse collapse\" aria-labelledby=\"heading-6e158651-05b4-4c12-93bf-bc7600b28c47\" data-bs-parent=\"#accordion-e54b92ff-c2bd-4871-bccf-7cce3a46df0d\"><div class=\"accordion-body\">\n<p>Zeit f\u00fcr Gespr\u00e4che, Kaffee und Einblicke in die Use Cases der Teilnehmer.<\/p>\n<\/div><\/div><\/div>\n\n\n\n<div class=\"wp-block-teufels-accordion-item accordion-item\"><h2 class=\"accordion-header\" id=\"heading-0564b48f-bd64-4c08-aa89-abfeff009651\"><button class=\"accordion-button collapsed\" data-bs-toggle=\"collapse\" data-bs-target=\"#collapse-0564b48f-bd64-4c08-aa89-abfeff009651\" aria-expanded=\"false\" aria-control=\"collapse-0564b48f-bd64-4c08-aa89-abfeff009651\"><br><strong>15:45 Uhr &#8211; <strong>Cloud ERP trifft auf Customer Experience &#8211; durchg\u00e4ngige Prozesse in Sales und Service<\/strong><\/strong><\/button><\/h2><div id=\"collapse-0564b48f-bd64-4c08-aa89-abfeff009651\" class=\"accordion-collapse collapse\" aria-labelledby=\"heading-0564b48f-bd64-4c08-aa89-abfeff009651\" data-bs-parent=\"#accordion-e54b92ff-c2bd-4871-bccf-7cce3a46df0d\"><div class=\"accordion-body\">\n<p>Live-Beispiel, wie Sales- und Service Excellence durch Integration von ERP und Customer Experience entsteht. Mit Einblicken von Axians SAP-CX-Experten.<\/p>\n<\/div><\/div><\/div>\n\n\n\n<div class=\"wp-block-teufels-accordion-item accordion-item\"><h2 class=\"accordion-header\" id=\"heading-cb313b81-8bb2-403b-b4f0-cfbd73c21f8e\"><button class=\"accordion-button collapsed\" data-bs-toggle=\"collapse\" data-bs-target=\"#collapse-cb313b81-8bb2-403b-b4f0-cfbd73c21f8e\" aria-expanded=\"false\" aria-control=\"collapse-cb313b81-8bb2-403b-b4f0-cfbd73c21f8e\"><br><strong>16:15 Uhr &#8211; <strong><strong>KI zwischen Hype und Handeln: Wie Unternehmen das Potenzial wirklich nutzen<\/strong><\/strong><\/strong><\/button><\/h2><div id=\"collapse-cb313b81-8bb2-403b-b4f0-cfbd73c21f8e\" class=\"accordion-collapse collapse\" aria-labelledby=\"heading-cb313b81-8bb2-403b-b4f0-cfbd73c21f8e\" data-bs-parent=\"#accordion-e54b92ff-c2bd-4871-bccf-7cce3a46df0d\"><div class=\"accordion-body\">\n<p>Reasoning-Modelle, Agents und Physical AI treiben die KI-Revolution voran, doch viele Unternehmen ringen mit der praktischen Umsetzung. Florian Kunzke, Global Director AI Strategy bei SAP zeigt den strategischen SAP-Ansatz und wie KI heute und k\u00fcnftig verantwortungsvoll echten Business-Mehrwert schafft.<\/p>\n<\/div><\/div><\/div>\n\n\n\n<div class=\"wp-block-teufels-accordion-item accordion-item\"><h2 class=\"accordion-header\" id=\"heading-475bc483-176c-4aed-b49c-f0d44d11f3fb\"><button class=\"accordion-button collapsed\" data-bs-toggle=\"collapse\" data-bs-target=\"#collapse-475bc483-176c-4aed-b49c-f0d44d11f3fb\" aria-expanded=\"false\" aria-control=\"collapse-475bc483-176c-4aed-b49c-f0d44d11f3fb\"><br><strong>17:00 Uhr &#8211; <strong><strong>Special im SAP Garde<\/strong><\/strong>n<\/strong><\/button><\/h2><div id=\"collapse-475bc483-176c-4aed-b49c-f0d44d11f3fb\" class=\"accordion-collapse collapse\" aria-labelledby=\"heading-475bc483-176c-4aed-b49c-f0d44d11f3fb\" data-bs-parent=\"#accordion-e54b92ff-c2bd-4871-bccf-7cce3a46df0d\"><div class=\"accordion-body\">\n<p>Lassen Sie sich \u00fcberraschen.<\/p>\n<\/div><\/div><\/div>\n\n\n\n<div class=\"wp-block-teufels-accordion-item accordion-item\"><h2 class=\"accordion-header\" id=\"heading-5506dfff-3b19-4e73-b98d-33eeb8e70463\"><button class=\"accordion-button collapsed\" data-bs-toggle=\"collapse\" data-bs-target=\"#collapse-5506dfff-3b19-4e73-b98d-33eeb8e70463\" aria-expanded=\"false\" aria-control=\"collapse-5506dfff-3b19-4e73-b98d-33eeb8e70463\"><br><strong>18:00 Uhr &#8211; Dinner &amp; Networking<\/strong><\/button><\/h2><div id=\"collapse-5506dfff-3b19-4e73-b98d-33eeb8e70463\" class=\"accordion-collapse collapse\" aria-labelledby=\"heading-5506dfff-3b19-4e73-b98d-33eeb8e70463\" data-bs-parent=\"#accordion-e54b92ff-c2bd-4871-bccf-7cce3a46df0d\"><div class=\"accordion-body\">\n<p>Exklusives Networking und Dinner in der VIP-Lounge mit Blick auf das Spielfeld.<\/p>\n<\/div><\/div><\/div>\n\n\n\n<div class=\"wp-block-teufels-accordion-item accordion-item\"><h2 class=\"accordion-header\" id=\"heading-482d6514-d1c4-4880-9da4-bbee0f5bac99\"><button class=\"accordion-button collapsed\" data-bs-toggle=\"collapse\" data-bs-target=\"#collapse-482d6514-d1c4-4880-9da4-bbee0f5bac99\" aria-expanded=\"false\" aria-control=\"collapse-482d6514-d1c4-4880-9da4-bbee0f5bac99\"><br><strong>20:30 Uhr &#8211; Live-Spiel: FC Bayern Basketball vs. Valencia<\/strong><\/button><\/h2><div id=\"collapse-482d6514-d1c4-4880-9da4-bbee0f5bac99\" class=\"accordion-collapse collapse\" aria-labelledby=\"heading-482d6514-d1c4-4880-9da4-bbee0f5bac99\" data-bs-parent=\"#accordion-e54b92ff-c2bd-4871-bccf-7cce3a46df0d\"><div class=\"accordion-body\">\n<p>Emotionen pur \u2013 erleben Sie die Dynamik des Teamplays hautnah im EuroLeague-Spiel.<\/p>\n<\/div><\/div><\/div>\n<\/div>\n\n\n\n<div class=\"wp-block-buttons is-layout-flex wp-block-buttons-is-layout-flex\">\n<div class=\"wp-block-button is-style-primary\"><a class=\"wp-block-button__link wp-element-button\" href=\"#anmelden\">Jetzt kostenlos anmelden!<\/a><\/div>\n<\/div>\n<\/div>\n<\/div>\n<\/div>\n<\/section>\n\n\n\n<section class=\"wp-block-group headline-text-slider-icon-text-light is-layout-constrained wp-block-group-is-layout-constrained\">\n<div class=\"wp-block-group container is-layout-flow wp-block-group-is-layout-flow\">\n<div class=\"wp-block-columns row is-layout-flex wp-block-columns-is-layout-flex\">\n<div class=\"wp-block-column col-12 is-layout-flow wp-block-column-is-layout-flow\">\n<h2 class=\"wp-block-heading headline\">Warum Sie dabei sein sollten<\/h2>\n\n\n\n<div class=\"wp-block-group slider-icon-text swiper is-layout-flow wp-block-group-is-layout-flow\">\n<div class=\"wp-block-group swiper-wrapper is-layout-flow wp-block-group-is-layout-flow\">\n<div class=\"wp-block-group swiper-slide is-layout-flow wp-block-group-is-layout-flow\">\n<figure class=\"wp-block-image size-large\"><img loading=\"lazy\" decoding=\"async\" width=\"76\" height=\"50\" src=\"https:\/\/solutions.axians.com\/sap\/wp-content\/uploads\/2025\/11\/icon-1.png\" alt=\"\" class=\"wp-image-4160\"\/><\/figure>\n\n\n\n<h3 class=\"wp-block-heading headline\"><strong>Praxis statt Theorie<\/strong><\/h3>\n\n\n\n<p>Lernen Sie direkt von Unternehmen, die bereits erfolgreich auf SAP Cloud ERP setzen.<\/p>\n<\/div>\n\n\n\n<div class=\"wp-block-group swiper-slide is-layout-flow wp-block-group-is-layout-flow\">\n<figure class=\"wp-block-image size-large\"><img loading=\"lazy\" decoding=\"async\" width=\"76\" height=\"50\" src=\"https:\/\/solutions.axians.com\/sap\/wp-content\/uploads\/2025\/11\/icon-1.png\" alt=\"\" class=\"wp-image-4160\"\/><\/figure>\n\n\n\n<h3 class=\"wp-block-heading headline\"><strong>End-to-End erleben<\/strong><\/h3>\n\n\n\n<p>Sehen Sie, wie Cloud ERP, CX und KI zusammenwirken \u2013 f\u00fcr durchg\u00e4ngige, intelligente Prozesse.<\/p>\n<\/div>\n\n\n\n<div class=\"wp-block-group swiper-slide is-layout-flow wp-block-group-is-layout-flow\">\n<figure class=\"wp-block-image size-large\"><img loading=\"lazy\" decoding=\"async\" width=\"76\" height=\"50\" src=\"https:\/\/solutions.axians.com\/sap\/wp-content\/uploads\/2025\/11\/icon-1.png\" alt=\"\" class=\"wp-image-4160\"\/><\/figure>\n\n\n\n<h3 class=\"wp-block-heading headline\"><strong>Best Practice Insights<\/strong><\/h3>\n\n\n\n<p>Erhalten Sie Einblicke in Roadmaps, Change Management und Cloud Support (AMS).<\/p>\n<\/div>\n\n\n\n<div class=\"wp-block-group swiper-slide is-layout-flow wp-block-group-is-layout-flow\">\n<figure class=\"wp-block-image size-large\"><img loading=\"lazy\" decoding=\"async\" width=\"76\" height=\"50\" src=\"https:\/\/solutions.axians.com\/sap\/wp-content\/uploads\/2025\/11\/icon-1.png\" alt=\"\" class=\"wp-image-4160\"\/><\/figure>\n\n\n\n<h3 class=\"wp-block-heading headline\"><strong>Exklusives Networking<\/strong><\/h3>\n\n\n\n<p>Tauschen Sie sich mit SAP, Axians-Experten und Entscheidern anderer Unternehmen aus.<\/p>\n<\/div>\n\n\n\n<div class=\"wp-block-group swiper-slide is-layout-flow wp-block-group-is-layout-flow\">\n<figure class=\"wp-block-image size-large\"><img loading=\"lazy\" decoding=\"async\" width=\"76\" height=\"50\" src=\"https:\/\/solutions.axians.com\/sap\/wp-content\/uploads\/2025\/11\/icon-1.png\" alt=\"\" class=\"wp-image-4160\"\/><\/figure>\n\n\n\n<h3 class=\"wp-block-heading headline\"><strong>Emotion trifft Innovation<\/strong><\/h3>\n\n\n\n<p>Lassen Sie den Tag beim EuroLeague-Spiel im SAP Garden ausklingen \u2013 live, vernetzt und voller Energie.<\/p>\n<\/div>\n<\/div>\n<\/div>\n<\/div>\n<\/div>\n<\/div>\n<\/section>\n\n\n\n\n\n<section class=\"wp-block-group slider-image-text-3-col is-layout-constrained wp-block-group-is-layout-constrained\">\n<div class=\"wp-block-group container is-layout-flow wp-block-group-is-layout-flow\">\n<div class=\"wp-block-columns row is-layout-flex wp-block-columns-is-layout-flex\">\n<div class=\"wp-block-column col-12 is-layout-flow wp-block-column-is-layout-flow\">\n<h2 class=\"wp-block-heading headline\">Die Speaker<\/h2>\n\n\n\n<div class=\"wp-block-group swiper-image-text-3-col swiper is-layout-flow wp-block-group-is-layout-flow\">\n<div class=\"wp-block-group swiper-wrapper is-layout-flow wp-block-group-is-layout-flow\">\n<div class=\"wp-block-group swiper-slide is-layout-flow wp-block-group-is-layout-flow\">\n<figure class=\"wp-block-image size-full is-resized\"><img loading=\"lazy\" decoding=\"async\" width=\"2027\" height=\"2136\" src=\"https:\/\/solutions.axians.com\/sap\/wp-content\/uploads\/2025\/11\/FK_Portait-2_2025.jpg\" alt=\"\" class=\"wp-image-4627\" style=\"aspect-ratio:4\/3;object-fit:cover;width:503px;height:auto\" srcset=\"https:\/\/solutions.axians.com\/sap\/wp-content\/uploads\/2025\/11\/FK_Portait-2_2025.jpg 2027w, https:\/\/solutions.axians.com\/sap\/wp-content\/uploads\/2025\/11\/FK_Portait-2_2025-759x800.jpg 759w, https:\/\/solutions.axians.com\/sap\/wp-content\/uploads\/2025\/11\/FK_Portait-2_2025-1822x1920.jpg 1822w, https:\/\/solutions.axians.com\/sap\/wp-content\/uploads\/2025\/11\/FK_Portait-2_2025-768x809.jpg 768w, https:\/\/solutions.axians.com\/sap\/wp-content\/uploads\/2025\/11\/FK_Portait-2_2025-1458x1536.jpg 1458w, https:\/\/solutions.axians.com\/sap\/wp-content\/uploads\/2025\/11\/FK_Portait-2_2025-1943x2048.jpg 1943w\" sizes=\"auto, (max-width: 2027px) 100vw, 2027px\" \/><\/figure>\n\n\n\n<div class=\"wp-block-group is-layout-flow wp-block-group-is-layout-flow\">\n<h3 class=\"wp-block-heading headline\">Florian Kunzke<\/h3>\n\n\n\n<p>Global Director AI Strategy bei SAP<\/p>\n<\/div>\n<\/div>\n\n\n\n<div class=\"wp-block-group swiper-slide is-layout-flow wp-block-group-is-layout-flow\">\n<figure class=\"wp-block-image size-full is-resized\"><img loading=\"lazy\" decoding=\"async\" width=\"1441\" height=\"2560\" src=\"https:\/\/solutions.axians.com\/sap\/wp-content\/uploads\/2025\/11\/DSC4835-2-scaled.jpg\" alt=\"\" class=\"wp-image-4629\" style=\"aspect-ratio:4\/3;object-fit:cover;width:498px;height:auto\" srcset=\"https:\/\/solutions.axians.com\/sap\/wp-content\/uploads\/2025\/11\/DSC4835-2-scaled.jpg 1441w, https:\/\/solutions.axians.com\/sap\/wp-content\/uploads\/2025\/11\/DSC4835-2-450x800.jpg 450w, https:\/\/solutions.axians.com\/sap\/wp-content\/uploads\/2025\/11\/DSC4835-2-1081x1920.jpg 1081w, https:\/\/solutions.axians.com\/sap\/wp-content\/uploads\/2025\/11\/DSC4835-2-768x1365.jpg 768w, https:\/\/solutions.axians.com\/sap\/wp-content\/uploads\/2025\/11\/DSC4835-2-864x1536.jpg 864w, https:\/\/solutions.axians.com\/sap\/wp-content\/uploads\/2025\/11\/DSC4835-2-1153x2048.jpg 1153w\" sizes=\"auto, (max-width: 1441px) 100vw, 1441px\" \/><\/figure>\n\n\n\n<div class=\"wp-block-group is-layout-flow wp-block-group-is-layout-flow\">\n<h3 class=\"wp-block-heading headline\">Felix Sander<\/h3>\n\n\n\n<p>Head of SAP Solution Advisory &amp; Consulting DE bei Axians <\/p>\n<\/div>\n<\/div>\n\n\n\n<div class=\"wp-block-group swiper-slide is-layout-flow wp-block-group-is-layout-flow\">\n<figure class=\"wp-block-image size-full is-resized\"><img loading=\"lazy\" decoding=\"async\" width=\"1080\" height=\"1080\" src=\"https:\/\/solutions.axians.com\/sap\/wp-content\/uploads\/2025\/11\/Business-Photo_Malik-Amna.png\" alt=\"\" class=\"wp-image-4630\" style=\"aspect-ratio:1.3333333333333333;object-fit:cover;width:505px;height:auto\" srcset=\"https:\/\/solutions.axians.com\/sap\/wp-content\/uploads\/2025\/11\/Business-Photo_Malik-Amna.png 1080w, https:\/\/solutions.axians.com\/sap\/wp-content\/uploads\/2025\/11\/Business-Photo_Malik-Amna-800x800.png 800w, https:\/\/solutions.axians.com\/sap\/wp-content\/uploads\/2025\/11\/Business-Photo_Malik-Amna-768x768.png 768w\" sizes=\"auto, (max-width: 1080px) 100vw, 1080px\" \/><\/figure>\n\n\n\n<div class=\"wp-block-group is-layout-flow wp-block-group-is-layout-flow\">\n<h3 class=\"wp-block-heading headline\">Amna Malik<\/h3>\n\n\n\n<p>Assistentin Bereichsleitung Finanzen bei der Karl Schmidt Spedition GmbH &amp; Co. KG<\/p>\n<\/div>\n<\/div>\n\n\n\n<div class=\"wp-block-group swiper-slide is-layout-flow wp-block-group-is-layout-flow\">\n<figure class=\"wp-block-image size-full is-resized\"><img loading=\"lazy\" decoding=\"async\" width=\"1441\" height=\"2560\" src=\"https:\/\/solutions.axians.com\/sap\/wp-content\/uploads\/2025\/11\/DSC4820-2-scaled.jpg\" alt=\"\" class=\"wp-image-4631\" style=\"aspect-ratio:1.3333333333333333;object-fit:cover;width:505px;height:auto\" srcset=\"https:\/\/solutions.axians.com\/sap\/wp-content\/uploads\/2025\/11\/DSC4820-2-scaled.jpg 1441w, https:\/\/solutions.axians.com\/sap\/wp-content\/uploads\/2025\/11\/DSC4820-2-450x800.jpg 450w, https:\/\/solutions.axians.com\/sap\/wp-content\/uploads\/2025\/11\/DSC4820-2-1081x1920.jpg 1081w, https:\/\/solutions.axians.com\/sap\/wp-content\/uploads\/2025\/11\/DSC4820-2-768x1365.jpg 768w, https:\/\/solutions.axians.com\/sap\/wp-content\/uploads\/2025\/11\/DSC4820-2-864x1536.jpg 864w, https:\/\/solutions.axians.com\/sap\/wp-content\/uploads\/2025\/11\/DSC4820-2-1153x2048.jpg 1153w\" sizes=\"auto, (max-width: 1441px) 100vw, 1441px\" \/><\/figure>\n\n\n\n<div class=\"wp-block-group is-layout-flow wp-block-group-is-layout-flow\">\n<h3 class=\"wp-block-heading headline\">Dennis Sandig<\/h3>\n\n\n\n<p>Team Lead &#8211; Lead to Cash bei Axians<\/p>\n<\/div>\n<\/div>\n\n\n\n<div class=\"wp-block-group swiper-slide is-layout-flow wp-block-group-is-layout-flow\">\n<figure class=\"wp-block-image size-full is-resized\"><img loading=\"lazy\" decoding=\"async\" width=\"2048\" height=\"1365\" src=\"https:\/\/solutions.axians.com\/sap\/wp-content\/uploads\/2025\/11\/Favourit-4_final.jpg\" alt=\"\" class=\"wp-image-4632\" style=\"aspect-ratio:1.3333333333333333;object-fit:cover;width:505px;height:auto\" srcset=\"https:\/\/solutions.axians.com\/sap\/wp-content\/uploads\/2025\/11\/Favourit-4_final.jpg 2048w, https:\/\/solutions.axians.com\/sap\/wp-content\/uploads\/2025\/11\/Favourit-4_final-800x533.jpg 800w, https:\/\/solutions.axians.com\/sap\/wp-content\/uploads\/2025\/11\/Favourit-4_final-1920x1280.jpg 1920w, https:\/\/solutions.axians.com\/sap\/wp-content\/uploads\/2025\/11\/Favourit-4_final-768x512.jpg 768w, https:\/\/solutions.axians.com\/sap\/wp-content\/uploads\/2025\/11\/Favourit-4_final-1536x1024.jpg 1536w\" sizes=\"auto, (max-width: 2048px) 100vw, 2048px\" \/><\/figure>\n\n\n\n<div class=\"wp-block-group is-layout-flow wp-block-group-is-layout-flow\">\n<h3 class=\"wp-block-heading headline\">Daniel Lohrb\u00e4cher<\/h3>\n\n\n\n<p>Head of Sales Cloud ERP Germany bei SAP<\/p>\n<\/div>\n<\/div>\n\n\n\n<div class=\"wp-block-group swiper-slide is-layout-flow wp-block-group-is-layout-flow\">\n<figure class=\"wp-block-image size-full is-resized\"><img loading=\"lazy\" decoding=\"async\" width=\"1094\" height=\"940\" src=\"https:\/\/solutions.axians.com\/sap\/wp-content\/uploads\/2025\/11\/Konstantin.png\" alt=\"\" class=\"wp-image-4633\" style=\"aspect-ratio:1.3333333333333333;object-fit:cover;width:505px;height:auto\" srcset=\"https:\/\/solutions.axians.com\/sap\/wp-content\/uploads\/2025\/11\/Konstantin.png 1094w, https:\/\/solutions.axians.com\/sap\/wp-content\/uploads\/2025\/11\/Konstantin-800x687.png 800w, https:\/\/solutions.axians.com\/sap\/wp-content\/uploads\/2025\/11\/Konstantin-768x660.png 768w\" sizes=\"auto, (max-width: 1094px) 100vw, 1094px\" \/><\/figure>\n\n\n\n<div class=\"wp-block-group is-layout-flow wp-block-group-is-layout-flow\">\n<h3 class=\"wp-block-heading headline\">Konstantin Marth<\/h3>\n\n\n\n<p>Moderator und Head of Sales SAP DACH bei Axians<\/p>\n<\/div>\n<\/div>\n<\/div>\n<\/div>\n<\/div>\n<\/div>\n<\/div>\n<\/section>\n\n\n\n<section class=\"wp-block-group contact-form is-layout-constrained wp-block-group-is-layout-constrained\">\n<div class=\"wp-block-group container is-layout-flow wp-block-group-is-layout-flow\">\n<div class=\"wp-block-columns row is-layout-flex wp-block-columns-is-layout-flex\">\n<div class=\"wp-block-column col-12 col-lg-10 offset-lg-1 is-layout-flow wp-block-column-is-layout-flow\">\n<h2 class=\"wp-block-heading headline\">Eventdetails<\/h2>\n\n\n\n<ul class=\"wp-block-list\">\n<li><strong>Datum:<\/strong> 22. Januar 2026, Beginn 13:00 Uhr<\/li>\n\n\n\n<li><strong>Ort:<\/strong> SAP Garden M\u00fcnchen<\/li>\n\n\n\n<li><strong>Zielgruppe:<\/strong> IT-Entscheider, CFOs, CIOs, Digital- und Prozessverantwortliche, die den Weg in die Cloud evaluieren oder starten m\u00f6chten.<\/li>\n\n\n\n<li><strong>Teilnahme:<\/strong> Voranmeldung \/ begrenzte Pl\u00e4tze<\/li>\n<\/ul>\n<\/div>\n<\/div>\n<\/div>\n<\/section>\n\n\n\n<section id=\"anmelden\" class=\"wp-block-group text-indent-big is-layout-constrained wp-block-group-is-layout-constrained\">\n<div class=\"wp-block-group container is-layout-flow wp-block-group-is-layout-flow\">\n<div class=\"wp-block-columns row is-layout-flex wp-block-columns-is-layout-flex\">\n<div class=\"wp-block-column col-12 col-lg-10 offset-lg-1 is-layout-flow wp-block-column-is-layout-flow\">\n<h2 class=\"wp-block-heading\">Jetzt anmelden &amp; exklusiven Platz sichern!<\/h2>\n\n\n\n<p><\/p>\n\n\n\n<script charset=\"utf-8\" type=\"text\/javascript\" src=\"\/\/js-eu1.hsforms.net\/forms\/embed\/v2.js\"><\/script>\n<script>\n  hbspt.forms.create({\n    portalId: \"26631674\",\n    formId: \"3d17dde7-0d2e-46d5-95a9-614a20589928\",\n    region: \"eu1\"\n  });\n<\/script>\n<\/div>\n<\/div>\n<\/div>\n<\/section>\n\n\n\n<p><\/p>\n","protected":false},"excerpt":{"rendered":"<p>Erfahren Sie in diesem exklusiven Business-Event, wie Unternehmen ihren ersten Schritt in die SAP-Welt wagen und mit Cloud ERP und Business-KI die Basis f\u00fcr agiles, skalierbares Wachstum schaffen. <\/p>\n","protected":false},"featured_media":4088,"parent":0,"template":"","meta":{"ort":"SAP Garden M\u00fcnchen","beginn":"22.01.2026, 13:00 Uhr","ende":"","zeitraum":"22.01.2026","footnotes":""},"categories":[501],"class_list":["post-4004","event","type-event","status-publish","has-post-thumbnail","hentry","category-axians-event"],"lang":"de","translations":{"de":4004,"at":4724},"pll_sync_post":[],"_links":{"self":[{"href":"https:\/\/solutions.axians.com\/sap\/wp-json\/wp\/v2\/event\/4004","targetHints":{"allow":["GET"]}}],"collection":[{"href":"https:\/\/solutions.axians.com\/sap\/wp-json\/wp\/v2\/event"}],"about":[{"href":"https:\/\/solutions.axians.com\/sap\/wp-json\/wp\/v2\/types\/event"}],"version-history":[{"count":74,"href":"https:\/\/solutions.axians.com\/sap\/wp-json\/wp\/v2\/event\/4004\/revisions"}],"predecessor-version":[{"id":4710,"href":"https:\/\/solutions.axians.com\/sap\/wp-json\/wp\/v2\/event\/4004\/revisions\/4710"}],"wp:featuredmedia":[{"embeddable":true,"href":"https:\/\/solutions.axians.com\/sap\/wp-json\/wp\/v2\/media\/4088"}],"wp:attachment":[{"href":"https:\/\/solutions.axians.com\/sap\/wp-json\/wp\/v2\/media?parent=4004"}],"wp:term":[{"taxonomy":"category","embeddable":true,"href":"https:\/\/solutions.axians.com\/sap\/wp-json\/wp\/v2\/categories?post=4004"}],"curies":[{"name":"wp","href":"https:\/\/api.w.org\/{rel}","templated":true}]}}